{"id":32,"date":"2022-09-15T11:07:09","date_gmt":"2022-09-15T11:07:09","guid":{"rendered":"https:\/\/andreatomicich.com\/?page_id=32"},"modified":"2024-05-07T12:51:24","modified_gmt":"2024-05-07T12:51:24","slug":"bio-biography-biografia-storia","status":"publish","type":"page","link":"https:\/\/andreatomicich.com\/index.php\/bio-biography-biografia-storia\/","title":{"rendered":"Bio"},"content":{"rendered":"<!--themify_builder_content-->\n<div id=\"themify_builder_content-32\" data-postid=\"32\" class=\"themify_builder_content themify_builder_content-32 themify_builder tf_clear\">\n                    <div  data-lazy=\"1\" class=\"module_row themify_builder_row tb_ji6l469 tb_first tf_w\">\n                        <div class=\"row_inner col_align_top tb_col_count_1 tf_box tf_rel\">\n                        <div  data-lazy=\"1\" class=\"module_column tb-column col-full tb_zxv6469 first\">\n                    <!-- module text -->\n<div  class=\"module module-text tb_6mar503   \" data-lazy=\"1\">\n        <div  class=\"tb_text_wrap\">\n        <p id=\"block-e1582ee5-4adb-42a6-974e-abcd4bf80255\" class=\"block-editor-rich-text__editable block-editor-block-list__block wp-block is-multi-selected is-partially-selected has-text-align-center wp-block-paragraph rich-text\" style=\"text-align: justify;\" role=\"document\" contenteditable=\"true\" aria-multiline=\"true\" aria-label=\"Block: Paragraph\" aria-readonly=\"false\" data-block=\"e1582ee5-4adb-42a6-974e-abcd4bf80255\" data-type=\"core\/paragraph\" data-title=\"Paragraph\" data-empty=\"false\" data-wp-block-attribute-key=\"content\">Che dire di me?<br data-rich-text-line-break=\"true\" \/>Ebbene, avevo solo 5 anni quando un amico, un fotografo professionista, mi regal\u00f2 la mia prima Kodak Instamatic con una scatola di cube flash. Non so bene se la passione per la fotografia sia nata in quel momento o se ce l&#8217;avessi gi\u00e0 da quando sono nato. Ma \u00e8 stato divertente e mi \u00e8 piaciuto molto.<\/p>\n<p id=\"block-230957af-c084-4732-a6a0-76d46f1c1429\" class=\"block-editor-rich-text__editable block-editor-block-list__block wp-block is-multi-selected is-partially-selected has-text-align-center wp-block-paragraph rich-text\" style=\"text-align: justify;\" role=\"document\" contenteditable=\"true\" aria-multiline=\"true\" aria-label=\"Block: Paragraph\" aria-readonly=\"false\" data-block=\"230957af-c084-4732-a6a0-76d46f1c1429\" data-type=\"core\/paragraph\" data-title=\"Paragraph\" data-empty=\"false\" data-wp-block-attribute-key=\"content\"><em>Ma era soltanto l&#8217;inizio&#8230;<\/em><\/p>\n<p id=\"block-8b3c8115-9051-46a4-b4b1-db7b072d330a\" class=\"block-editor-rich-text__editable block-editor-block-list__block wp-block is-multi-selected is-partially-selected has-text-align-center wp-block-paragraph rich-text\" style=\"text-align: justify;\" role=\"document\" contenteditable=\"true\" aria-multiline=\"true\" aria-label=\"Block: Paragraph\" aria-readonly=\"false\" data-block=\"8b3c8115-9051-46a4-b4b1-db7b072d330a\" data-type=\"core\/paragraph\" data-title=\"Paragraph\" data-empty=\"false\" data-wp-block-attribute-key=\"content\"><img loading=\"lazy\" decoding=\"async\" class=\" wp-image-443 alignleft\" src=\"https:\/\/andreatomicich.com\/wp-content\/uploads\/2022\/09\/BA0Y2146-300x300.jpg\" alt=\"\" width=\"195\" height=\"195\" srcset=\"https:\/\/andreatomicich.com\/wp-content\/uploads\/2022\/09\/BA0Y2146-300x300.jpg 300w, https:\/\/andreatomicich.com\/wp-content\/uploads\/2022\/09\/BA0Y2146-150x150.jpg 150w, https:\/\/andreatomicich.com\/wp-content\/uploads\/2022\/09\/BA0Y2146-768x768.jpg 768w, https:\/\/andreatomicich.com\/wp-content\/uploads\/2022\/09\/BA0Y2146.jpg 1000w\" sizes=\"auto, (max-width: 195px) 100vw, 195px\" \/>L&#8217;idea di poter &#8220;congelare&#8221; un&#8217;immagine di un momento particolare e che quel momento rimarr\u00e0 per sempre finch\u00e9 esister\u00e0 quella fotografia mi affascinava molto. Quel momento impresso nel film durer\u00e0 per sempre.<br data-rich-text-line-break=\"true\" \/>La vita \u00e8 un flusso continuo, un continuo cambiamento e mutazione come il fiume scorre dalla sua sorgente alla sua foce. &#8220;Panta Rei&#8221; \u00e8 espressione greca che letteralmente si pu\u00f2 tradurre in tutto scorre, esprime sinteticamente il pensiero di Eraclito sulla vita. Ma la fotografia no, la fotografia &#8220;congela&#8221; l&#8217;attimo, per sempre.<\/p>\n<p id=\"block-9f660c5d-164d-4ec6-b30c-85bb2a24adb5\" class=\"block-editor-rich-text__editable block-editor-block-list__block wp-block is-multi-selected is-partially-selected has-text-align-center wp-block-paragraph rich-text\" style=\"text-align: justify;\" role=\"document\" contenteditable=\"true\" aria-multiline=\"true\" aria-label=\"Block: Paragraph\" aria-readonly=\"false\" data-block=\"9f660c5d-164d-4ec6-b30c-85bb2a24adb5\" data-type=\"core\/paragraph\" data-title=\"Paragraph\" data-empty=\"false\" data-wp-block-attribute-key=\"content\">Crescendo ho voluto esplorare altre forme di fotografia e grazie al mio amico fotografo ho imparato abbastanza velocemente tutte le tecniche di base. Poi la mia prima Reflex a pellicola, generosamente prestatami da mio nonno, che \u00e8 diventata subito la mia scuola di fotografia e che ho utilizzato per molti anni, facendomi crescere molto sia dal punto di vista tecnico che artistico.<\/p>\n<p id=\"block-5e7dcff7-de57-47c6-bbd8-7ce5b81cedef\" class=\"block-editor-rich-text__editable block-editor-block-list__block wp-block is-multi-selected is-partially-selected has-text-align-center wp-block-paragraph rich-text\" style=\"text-align: justify;\" role=\"document\" contenteditable=\"true\" aria-multiline=\"true\" aria-label=\"Block: Paragraph\" aria-readonly=\"false\" data-block=\"5e7dcff7-de57-47c6-bbd8-7ce5b81cedef\" data-type=\"core\/paragraph\" data-title=\"Paragraph\" data-empty=\"false\" data-wp-block-attribute-key=\"content\"><img loading=\"lazy\" decoding=\"async\" class=\" wp-image-111 alignright\" src=\"https:\/\/andreatomicich.com\/wp-content\/uploads\/2022\/09\/D83A3755-300x300.jpg\" alt=\"\" width=\"176\" height=\"176\" srcset=\"https:\/\/andreatomicich.com\/wp-content\/uploads\/2022\/09\/D83A3755-300x300.jpg 300w, https:\/\/andreatomicich.com\/wp-content\/uploads\/2022\/09\/D83A3755-150x150.jpg 150w, https:\/\/andreatomicich.com\/wp-content\/uploads\/2022\/09\/D83A3755-768x768.jpg 768w, https:\/\/andreatomicich.com\/wp-content\/uploads\/2022\/09\/D83A3755-400x400.jpg 400w, https:\/\/andreatomicich.com\/wp-content\/uploads\/2022\/09\/D83A3755.jpg 1000w\" sizes=\"auto, (max-width: 176px) 100vw, 176px\" \/>Ma i campi della fotografia sono tanti e anche le curiosit\u00e0. Cos\u00ec ho iniziato a documentarmi e studiare la fotografia paesaggistica e naturalistica e poi ho esplorato anche il campo della Macrofotografia. La migrazione alla fotografia digitale ha portato una semplificazione in termini di costi e quindi studiare e sperimentare \u00e8 stato pi\u00f9 facile e molto pi\u00f9 economico di prima. Con i costi inferiori e la facilit\u00e0 di vedere immediatamente i risultati, approfondire anche gli altri campi della fotografia \u00e8 stato molto pi\u00f9 facile.<\/p>\n<p id=\"block-6ffd8e38-941d-4ff4-84e1-9570be3ab709\" class=\"block-editor-rich-text__editable block-editor-block-list__block wp-block is-multi-selected is-partially-selected has-text-align-center wp-block-paragraph rich-text\" style=\"text-align: justify;\" role=\"document\" contenteditable=\"true\" aria-multiline=\"true\" aria-label=\"Block: Paragraph\" aria-readonly=\"false\" data-block=\"6ffd8e38-941d-4ff4-84e1-9570be3ab709\" data-type=\"core\/paragraph\" data-title=\"Paragraph\" data-empty=\"false\" data-wp-block-attribute-key=\"content\">I ritratti e la fotografia sportiva sono stati i primi ad essere aggiunti alla base di conoscenza. \u00c8 stato bello affrontarli e studiarli visto che avevo ancora amici fotografi nel campo della moda e dello sport. Ma non \u00e8 finita qui\u2026<\/p>\n<p id=\"block-b94a58f7-1a81-47ac-8f00-df1d7e96bc14\" class=\"block-editor-rich-text__editable block-editor-block-list__block wp-block is-multi-selected is-partially-selected has-text-align-center wp-block-paragraph rich-text\" style=\"text-align: justify;\" role=\"document\" contenteditable=\"true\" aria-multiline=\"true\" aria-label=\"Block: Paragraph\" aria-readonly=\"false\" data-block=\"b94a58f7-1a81-47ac-8f00-df1d7e96bc14\" data-type=\"core\/paragraph\" data-title=\"Paragraph\" data-empty=\"false\" data-wp-block-attribute-key=\"content\"><img loading=\"lazy\" decoding=\"async\" class=\" wp-image-361 alignleft\" src=\"https:\/\/andreatomicich.com\/wp-content\/uploads\/2022\/09\/5DM39136-200x300.jpg\" alt=\"\" width=\"138\" height=\"207\" srcset=\"https:\/\/andreatomicich.com\/wp-content\/uploads\/2022\/09\/5DM39136-200x300.jpg 200w, https:\/\/andreatomicich.com\/wp-content\/uploads\/2022\/09\/5DM39136.jpg 667w\" sizes=\"auto, (max-width: 138px) 100vw, 138px\" \/>Molti anni prima avevo sentito parlare della fotografia a infrarossi e l&#8217;idea di vedere l&#8217;invisibile mi aveva catturato. Appena possibile ho voluto imparare questo tipo di fotografia, sicuramente molto pi\u00f9 difficile della fotografia tradizionale perch\u00e9 richiedeva modifiche alla macchina fotografica e filtri speciali oltre a tutta una serie di accorgimenti. \u00c8 stato difficile iniziare ma poi, con lo studio e la costanza, sono arrivati i primi risultati. Sono stati molto interessanti e mi hanno permesso di raggiungere un livello artistico sicuramente pi\u00f9 alto di prima.<\/p>\n<p id=\"block-88cb2c5a-3ece-46c2-968d-80444754692b\" class=\"block-editor-rich-text__editable block-editor-block-list__block wp-block is-multi-selected is-partially-selected has-text-align-center wp-block-paragraph rich-text\" style=\"text-align: justify;\" role=\"document\" contenteditable=\"true\" aria-multiline=\"true\" aria-label=\"Block: Paragraph\" aria-readonly=\"false\" data-block=\"88cb2c5a-3ece-46c2-968d-80444754692b\" data-type=\"core\/paragraph\" data-title=\"Paragraph\" data-empty=\"false\" data-wp-block-attribute-key=\"content\"><img loading=\"lazy\" decoding=\"async\" class=\" wp-image-931 alignright\" src=\"https:\/\/andreatomicich.com\/wp-content\/uploads\/2023\/03\/N_Stefy_1-200x300.jpg\" alt=\"\" width=\"143\" height=\"215\" srcset=\"https:\/\/andreatomicich.com\/wp-content\/uploads\/2023\/03\/N_Stefy_1-200x300.jpg 200w, https:\/\/andreatomicich.com\/wp-content\/uploads\/2023\/03\/N_Stefy_1-400x600.jpg 400w, https:\/\/andreatomicich.com\/wp-content\/uploads\/2023\/03\/N_Stefy_1-266x400.jpg 266w, https:\/\/andreatomicich.com\/wp-content\/uploads\/2023\/03\/N_Stefy_1.jpg 320w\" sizes=\"auto, (max-width: 143px) 100vw, 143px\" \/>Poich\u00e9 la mia passione ei miei hobby non sono finiti qui, nel 2010 ho iniziato un nuovo percorso nella fotografia astronomica. Prima insieme ad un amico che aveva una buona attrezzatura che ha condiviso con me e poi con la attrezzatura che ho acquistato. La strada \u00e8 dura, imparare non \u00e8 stato semplicissimo ma finalmente ho raggiunto buoni risultati.<\/p>\n<p id=\"block-afb378db-b582-4f41-be49-3d40ad7422fb\" class=\"block-editor-rich-text__editable block-editor-block-list__block wp-block is-multi-selected is-partially-selected has-text-align-center wp-block-paragraph rich-text\" style=\"text-align: justify;\" role=\"document\" contenteditable=\"true\" aria-multiline=\"true\" aria-label=\"Block: Paragraph\" aria-readonly=\"false\" data-block=\"afb378db-b582-4f41-be49-3d40ad7422fb\" data-type=\"core\/paragraph\" data-title=\"Paragraph\" data-empty=\"false\" data-wp-block-attribute-key=\"content\">\u00e8 finita qui? no, conoscendomi non credo\u2026<\/p>    <\/div>\n<\/div>\n<!-- \/module text --><!-- module divider -->\n<div  class=\"module tf_mw module-divider tb_08x9755 solid   \" style=\"border-width: 1px;border-color: #000;\" data-lazy=\"1\">\n    <\/div>\n<!-- \/module divider -->\n        <\/div>\n                        <\/div>\n        <\/div>\n        <\/div>\n<!--\/themify_builder_content-->\n\n<div class=\"aligncenter wp-block-site-logo\"><a href=\"https:\/\/andreatomicich.com\/\" class=\"custom-logo-link\" rel=\"home\"><img loading=\"lazy\" decoding=\"async\" width=\"351\" height=\"89\" src=\"https:\/\/andreatomicich.com\/wp-content\/uploads\/2022\/09\/AT_full_500px_Black-250x64.png\" class=\"custom-logo\" alt=\"Andrea Tomicich photography\" srcset=\"https:\/\/andreatomicich.com\/wp-content\/uploads\/2022\/09\/AT_full_500px_Black.png 500w, https:\/\/andreatomicich.com\/wp-content\/uploads\/2022\/09\/AT_full_500px_Black-300x76.png 300w, https:\/\/andreatomicich.com\/wp-content\/uploads\/2022\/09\/AT_full_500px_Black-250x64.png 250w\" sizes=\"auto, (max-width: 351px) 100vw, 351px\" \/><\/a><\/div>","protected":false},"excerpt":{"rendered":"<p>Che dire di me?Ebbene, avevo solo 5 anni quando un amico, un fotografo professionista, mi regal\u00f2 la mia prima Kodak Instamatic con una scatola di cube flash. Non so bene se la passione per la fotografia sia nata in quel momento o se ce l&#8217;avessi gi\u00e0 da quando sono nato. Ma \u00e8 stato divertente e [&hellip;]<\/p>\n","protected":false},"author":1,"featured_media":0,"parent":0,"menu_order":0,"comment_status":"closed","ping_status":"closed","template":"","meta":{"site-sidebar-layout":"default","site-content-layout":"","ast-site-content-layout":"default","site-content-style":"default","site-sidebar-style":"default","ast-global-header-display":"","ast-banner-title-visibility":"","ast-main-header-display":"","ast-hfb-above-header-display":"","ast-hfb-below-header-display":"","ast-hfb-mobile-header-display":"","site-post-title":"","ast-breadcrumbs-content":"","ast-featured-img":"","footer-sml-layout":"","ast-disable-related-posts":"","theme-transparent-header-meta":"","adv-header-id-meta":"","stick-header-meta":"","header-above-stick-meta":"","header-main-stick-meta":"","header-below-stick-meta":"","astra-migrate-meta-layouts":"set","ast-page-background-enabled":"default","ast-page-background-meta":{"desktop":{"background-color":"var(--ast-global-color-4)","background-image":"","background-repeat":"repeat","background-position":"center center","background-size":"auto","background-attachment":"scroll","background-type":"","background-media":"","overlay-type":"","overlay-color":"","overlay-opacity":"","overlay-gradient":""},"tablet":{"background-color":"","background-image":"","background-repeat":"repeat","background-position":"center center","background-size":"auto","background-attachment":"scroll","background-type":"","background-media":"","overlay-type":"","overlay-color":"","overlay-opacity":"","overlay-gradient":""},"mobile":{"background-color":"","background-image":"","background-repeat":"repeat","background-position":"center center","background-size":"auto","background-attachment":"scroll","background-type":"","background-media":"","overlay-type":"","overlay-color":"","overlay-opacity":"","overlay-gradient":""}},"ast-content-background-meta":{"desktop":{"background-color":"var(--ast-global-color-5)","background-image":"","background-repeat":"repeat","background-position":"center center","background-size":"auto","background-attachment":"scroll","background-type":"","background-media":"","overlay-type":"","overlay-color":"","overlay-opacity":"","overlay-gradient":""},"tablet":{"background-color":"var(--ast-global-color-5)","background-image":"","background-repeat":"repeat","background-position":"center center","background-size":"auto","background-attachment":"scroll","background-type":"","background-media":"","overlay-type":"","overlay-color":"","overlay-opacity":"","overlay-gradient":""},"mobile":{"background-color":"var(--ast-global-color-5)","background-image":"","background-repeat":"repeat","background-position":"center center","background-size":"auto","background-attachment":"scroll","background-type":"","background-media":"","overlay-type":"","overlay-color":"","overlay-opacity":"","overlay-gradient":""}},"footnotes":""},"class_list":["post-32","page","type-page","status-publish","hentry"],"yoast_head":"<!-- This site is optimized with the Yoast SEO plugin v27.5 - https:\/\/yoast.com\/product\/yoast-seo-wordpress\/ -->\n<title>Bio - Andrea Tomicich photography<\/title>\n<meta name=\"description\" content=\"Esplora il mondo attraverso gli occhi di Andrea Tomicich, fotografo professionale specializzato in fotografia artistica e infrarossa. Scopri le sue straordinarie immagini che catturano la bellezza della natura, l&#039;eleganza delle modelle e l&#039;essenza dell&#039;arte. Entra nel suo universo visivo e lasciati trasportare in un viaggio emozionante tra luce, colore e forma.\" \/>\n<meta name=\"robots\" content=\"index, follow, max-snippet:-1, max-image-preview:large, max-video-preview:-1\" \/>\n<link rel=\"canonical\" href=\"https:\/\/andreatomicich.com\/index.php\/bio-biography-biografia-storia\/\" \/>\n<meta property=\"og:locale\" content=\"en_US\" \/>\n<meta property=\"og:type\" content=\"article\" \/>\n<meta property=\"og:title\" content=\"Bio - Andrea Tomicich photography\" \/>\n<meta property=\"og:description\" content=\"Esplora il mondo attraverso gli occhi di Andrea Tomicich, fotografo professionale specializzato in fotografia artistica e infrarossa. Scopri le sue straordinarie immagini che catturano la bellezza della natura, l&#039;eleganza delle modelle e l&#039;essenza dell&#039;arte. Entra nel suo universo visivo e lasciati trasportare in un viaggio emozionante tra luce, colore e forma.\" \/>\n<meta property=\"og:url\" content=\"https:\/\/andreatomicich.com\/index.php\/bio-biography-biografia-storia\/\" \/>\n<meta property=\"og:site_name\" content=\"Andrea Tomicich photography\" \/>\n<meta property=\"article:modified_time\" content=\"2024-05-07T12:51:24+00:00\" \/>\n<meta property=\"og:image\" content=\"https:\/\/andreatomicich.com\/wp-content\/uploads\/2022\/09\/BA0Y2146-300x300.jpg\" \/>\n<meta name=\"twitter:card\" content=\"summary_large_image\" \/>\n<meta name=\"twitter:label1\" content=\"Est. reading time\" \/>\n\t<meta name=\"twitter:data1\" content=\"6 minutes\" \/>\n<script type=\"application\/ld+json\" class=\"yoast-schema-graph\">{\"@context\":\"https:\\\/\\\/schema.org\",\"@graph\":[{\"@type\":[\"WebPage\",\"AboutPage\"],\"@id\":\"https:\\\/\\\/andreatomicich.com\\\/index.php\\\/bio-biography-biografia-storia\\\/\",\"url\":\"https:\\\/\\\/andreatomicich.com\\\/index.php\\\/bio-biography-biografia-storia\\\/\",\"name\":\"Bio - Andrea Tomicich photography\",\"isPartOf\":{\"@id\":\"https:\\\/\\\/andreatomicich.com\\\/#website\"},\"primaryImageOfPage\":{\"@id\":\"https:\\\/\\\/andreatomicich.com\\\/index.php\\\/bio-biography-biografia-storia\\\/#primaryimage\"},\"image\":{\"@id\":\"https:\\\/\\\/andreatomicich.com\\\/index.php\\\/bio-biography-biografia-storia\\\/#primaryimage\"},\"thumbnailUrl\":\"https:\\\/\\\/andreatomicich.com\\\/wp-content\\\/uploads\\\/2022\\\/09\\\/BA0Y2146-300x300.jpg\",\"datePublished\":\"2022-09-15T11:07:09+00:00\",\"dateModified\":\"2024-05-07T12:51:24+00:00\",\"description\":\"Esplora il mondo attraverso gli occhi di Andrea Tomicich, fotografo professionale specializzato in fotografia artistica e infrarossa. Scopri le sue straordinarie immagini che catturano la bellezza della natura, l'eleganza delle modelle e l'essenza dell'arte. Entra nel suo universo visivo e lasciati trasportare in un viaggio emozionante tra luce, colore e forma.\",\"breadcrumb\":{\"@id\":\"https:\\\/\\\/andreatomicich.com\\\/index.php\\\/bio-biography-biografia-storia\\\/#breadcrumb\"},\"inLanguage\":\"en-US\",\"potentialAction\":[{\"@type\":\"ReadAction\",\"target\":[\"https:\\\/\\\/andreatomicich.com\\\/index.php\\\/bio-biography-biografia-storia\\\/\"]}]},{\"@type\":\"ImageObject\",\"inLanguage\":\"en-US\",\"@id\":\"https:\\\/\\\/andreatomicich.com\\\/index.php\\\/bio-biography-biografia-storia\\\/#primaryimage\",\"url\":\"https:\\\/\\\/andreatomicich.com\\\/wp-content\\\/uploads\\\/2022\\\/09\\\/BA0Y2146.jpg\",\"contentUrl\":\"https:\\\/\\\/andreatomicich.com\\\/wp-content\\\/uploads\\\/2022\\\/09\\\/BA0Y2146.jpg\",\"width\":1000,\"height\":1000},{\"@type\":\"BreadcrumbList\",\"@id\":\"https:\\\/\\\/andreatomicich.com\\\/index.php\\\/bio-biography-biografia-storia\\\/#breadcrumb\",\"itemListElement\":[{\"@type\":\"ListItem\",\"position\":1,\"name\":\"Home\",\"item\":\"https:\\\/\\\/andreatomicich.com\\\/\"},{\"@type\":\"ListItem\",\"position\":2,\"name\":\"Bio\"}]},{\"@type\":\"WebSite\",\"@id\":\"https:\\\/\\\/andreatomicich.com\\\/#website\",\"url\":\"https:\\\/\\\/andreatomicich.com\\\/\",\"name\":\"Andrea Tomicich photography\",\"description\":\"Dalla realt\u00e0 all&#039;arte: il potere della fotografia infrarossa\",\"publisher\":{\"@id\":\"https:\\\/\\\/andreatomicich.com\\\/#\\\/schema\\\/person\\\/498b7e9a035e820bb132541f8079f81b\"},\"alternateName\":\"Scatti che trasformano il normale in straordinario: fotografia artistica e infrarossa\",\"potentialAction\":[{\"@type\":\"SearchAction\",\"target\":{\"@type\":\"EntryPoint\",\"urlTemplate\":\"https:\\\/\\\/andreatomicich.com\\\/?s={search_term_string}\"},\"query-input\":{\"@type\":\"PropertyValueSpecification\",\"valueRequired\":true,\"valueName\":\"search_term_string\"}}],\"inLanguage\":\"en-US\"},{\"@type\":[\"Person\",\"Organization\"],\"@id\":\"https:\\\/\\\/andreatomicich.com\\\/#\\\/schema\\\/person\\\/498b7e9a035e820bb132541f8079f81b\",\"name\":\"AdMiN9998\",\"image\":{\"@type\":\"ImageObject\",\"inLanguage\":\"en-US\",\"@id\":\"https:\\\/\\\/andreatomicich.com\\\/wp-content\\\/uploads\\\/2022\\\/09\\\/AT_full_500px_Black.png\",\"url\":\"https:\\\/\\\/andreatomicich.com\\\/wp-content\\\/uploads\\\/2022\\\/09\\\/AT_full_500px_Black.png\",\"contentUrl\":\"https:\\\/\\\/andreatomicich.com\\\/wp-content\\\/uploads\\\/2022\\\/09\\\/AT_full_500px_Black.png\",\"width\":500,\"height\":127,\"caption\":\"AdMiN9998\"},\"logo\":{\"@id\":\"https:\\\/\\\/andreatomicich.com\\\/wp-content\\\/uploads\\\/2022\\\/09\\\/AT_full_500px_Black.png\"},\"sameAs\":[\"https:\\\/\\\/andreatomicich.com\"]}]}<\/script>\n<!-- \/ Yoast SEO plugin. -->","yoast_head_json":{"title":"Bio - Andrea Tomicich photography","description":"Esplora il mondo attraverso gli occhi di Andrea Tomicich, fotografo professionale specializzato in fotografia artistica e infrarossa. Scopri le sue straordinarie immagini che catturano la bellezza della natura, l'eleganza delle modelle e l'essenza dell'arte. Entra nel suo universo visivo e lasciati trasportare in un viaggio emozionante tra luce, colore e forma.","robots":{"index":"index","follow":"follow","max-snippet":"max-snippet:-1","max-image-preview":"max-image-preview:large","max-video-preview":"max-video-preview:-1"},"canonical":"https:\/\/andreatomicich.com\/index.php\/bio-biography-biografia-storia\/","og_locale":"en_US","og_type":"article","og_title":"Bio - Andrea Tomicich photography","og_description":"Esplora il mondo attraverso gli occhi di Andrea Tomicich, fotografo professionale specializzato in fotografia artistica e infrarossa. Scopri le sue straordinarie immagini che catturano la bellezza della natura, l'eleganza delle modelle e l'essenza dell'arte. Entra nel suo universo visivo e lasciati trasportare in un viaggio emozionante tra luce, colore e forma.","og_url":"https:\/\/andreatomicich.com\/index.php\/bio-biography-biografia-storia\/","og_site_name":"Andrea Tomicich photography","article_modified_time":"2024-05-07T12:51:24+00:00","og_image":[{"url":"https:\/\/andreatomicich.com\/wp-content\/uploads\/2022\/09\/BA0Y2146-300x300.jpg","type":"","width":"","height":""}],"twitter_card":"summary_large_image","twitter_misc":{"Est. reading time":"6 minutes"},"schema":{"@context":"https:\/\/schema.org","@graph":[{"@type":["WebPage","AboutPage"],"@id":"https:\/\/andreatomicich.com\/index.php\/bio-biography-biografia-storia\/","url":"https:\/\/andreatomicich.com\/index.php\/bio-biography-biografia-storia\/","name":"Bio - Andrea Tomicich photography","isPartOf":{"@id":"https:\/\/andreatomicich.com\/#website"},"primaryImageOfPage":{"@id":"https:\/\/andreatomicich.com\/index.php\/bio-biography-biografia-storia\/#primaryimage"},"image":{"@id":"https:\/\/andreatomicich.com\/index.php\/bio-biography-biografia-storia\/#primaryimage"},"thumbnailUrl":"https:\/\/andreatomicich.com\/wp-content\/uploads\/2022\/09\/BA0Y2146-300x300.jpg","datePublished":"2022-09-15T11:07:09+00:00","dateModified":"2024-05-07T12:51:24+00:00","description":"Esplora il mondo attraverso gli occhi di Andrea Tomicich, fotografo professionale specializzato in fotografia artistica e infrarossa. Scopri le sue straordinarie immagini che catturano la bellezza della natura, l'eleganza delle modelle e l'essenza dell'arte. Entra nel suo universo visivo e lasciati trasportare in un viaggio emozionante tra luce, colore e forma.","breadcrumb":{"@id":"https:\/\/andreatomicich.com\/index.php\/bio-biography-biografia-storia\/#breadcrumb"},"inLanguage":"en-US","potentialAction":[{"@type":"ReadAction","target":["https:\/\/andreatomicich.com\/index.php\/bio-biography-biografia-storia\/"]}]},{"@type":"ImageObject","inLanguage":"en-US","@id":"https:\/\/andreatomicich.com\/index.php\/bio-biography-biografia-storia\/#primaryimage","url":"https:\/\/andreatomicich.com\/wp-content\/uploads\/2022\/09\/BA0Y2146.jpg","contentUrl":"https:\/\/andreatomicich.com\/wp-content\/uploads\/2022\/09\/BA0Y2146.jpg","width":1000,"height":1000},{"@type":"BreadcrumbList","@id":"https:\/\/andreatomicich.com\/index.php\/bio-biography-biografia-storia\/#breadcrumb","itemListElement":[{"@type":"ListItem","position":1,"name":"Home","item":"https:\/\/andreatomicich.com\/"},{"@type":"ListItem","position":2,"name":"Bio"}]},{"@type":"WebSite","@id":"https:\/\/andreatomicich.com\/#website","url":"https:\/\/andreatomicich.com\/","name":"Andrea Tomicich photography","description":"Dalla realt\u00e0 all&#039;arte: il potere della fotografia infrarossa","publisher":{"@id":"https:\/\/andreatomicich.com\/#\/schema\/person\/498b7e9a035e820bb132541f8079f81b"},"alternateName":"Scatti che trasformano il normale in straordinario: fotografia artistica e infrarossa","potentialAction":[{"@type":"SearchAction","target":{"@type":"EntryPoint","urlTemplate":"https:\/\/andreatomicich.com\/?s={search_term_string}"},"query-input":{"@type":"PropertyValueSpecification","valueRequired":true,"valueName":"search_term_string"}}],"inLanguage":"en-US"},{"@type":["Person","Organization"],"@id":"https:\/\/andreatomicich.com\/#\/schema\/person\/498b7e9a035e820bb132541f8079f81b","name":"AdMiN9998","image":{"@type":"ImageObject","inLanguage":"en-US","@id":"https:\/\/andreatomicich.com\/wp-content\/uploads\/2022\/09\/AT_full_500px_Black.png","url":"https:\/\/andreatomicich.com\/wp-content\/uploads\/2022\/09\/AT_full_500px_Black.png","contentUrl":"https:\/\/andreatomicich.com\/wp-content\/uploads\/2022\/09\/AT_full_500px_Black.png","width":500,"height":127,"caption":"AdMiN9998"},"logo":{"@id":"https:\/\/andreatomicich.com\/wp-content\/uploads\/2022\/09\/AT_full_500px_Black.png"},"sameAs":["https:\/\/andreatomicich.com"]}]}},"builder_content":"<p id=\"block-e1582ee5-4adb-42a6-974e-abcd4bf80255\" style=\"text-align: justify;\" role=\"document\" contenteditable=\"true\" aria-multiline=\"true\" aria-label=\"Block: Paragraph\" aria-readonly=\"false\" data-block=\"e1582ee5-4adb-42a6-974e-abcd4bf80255\" data-type=\"core\/paragraph\" data-title=\"Paragraph\" data-empty=\"false\" data-wp-block-attribute-key=\"content\">Che dire di me?<br data-rich-text-line-break=\"true\" \/>Ebbene, avevo solo 5 anni quando un amico, un fotografo professionista, mi regal\u00f2 la mia prima Kodak Instamatic con una scatola di cube flash. Non so bene se la passione per la fotografia sia nata in quel momento o se ce l'avessi gi\u00e0 da quando sono nato. Ma \u00e8 stato divertente e mi \u00e8 piaciuto molto.<\/p> <p id=\"block-230957af-c084-4732-a6a0-76d46f1c1429\" style=\"text-align: justify;\" role=\"document\" contenteditable=\"true\" aria-multiline=\"true\" aria-label=\"Block: Paragraph\" aria-readonly=\"false\" data-block=\"230957af-c084-4732-a6a0-76d46f1c1429\" data-type=\"core\/paragraph\" data-title=\"Paragraph\" data-empty=\"false\" data-wp-block-attribute-key=\"content\"><em>Ma era soltanto l'inizio...<\/em><\/p> <p id=\"block-8b3c8115-9051-46a4-b4b1-db7b072d330a\" style=\"text-align: justify;\" role=\"document\" contenteditable=\"true\" aria-multiline=\"true\" aria-label=\"Block: Paragraph\" aria-readonly=\"false\" data-block=\"8b3c8115-9051-46a4-b4b1-db7b072d330a\" data-type=\"core\/paragraph\" data-title=\"Paragraph\" data-empty=\"false\" data-wp-block-attribute-key=\"content\"><img loading=\"lazy\" decoding=\"async\" src=\"https:\/\/andreatomicich.com\/wp-content\/uploads\/2022\/09\/BA0Y2146-300x300.jpg\" alt=\"\" width=\"195\" height=\"195\" srcset=\"https:\/\/andreatomicich.com\/wp-content\/uploads\/2022\/09\/BA0Y2146-300x300.jpg 300w, https:\/\/andreatomicich.com\/wp-content\/uploads\/2022\/09\/BA0Y2146-150x150.jpg 150w, https:\/\/andreatomicich.com\/wp-content\/uploads\/2022\/09\/BA0Y2146-768x768.jpg 768w, https:\/\/andreatomicich.com\/wp-content\/uploads\/2022\/09\/BA0Y2146.jpg 1000w\" sizes=\"auto, (max-width: 195px) 100vw, 195px\" \/>L'idea di poter \"congelare\" un'immagine di un momento particolare e che quel momento rimarr\u00e0 per sempre finch\u00e9 esister\u00e0 quella fotografia mi affascinava molto. Quel momento impresso nel film durer\u00e0 per sempre.<br data-rich-text-line-break=\"true\" \/>La vita \u00e8 un flusso continuo, un continuo cambiamento e mutazione come il fiume scorre dalla sua sorgente alla sua foce. \"Panta Rei\" \u00e8 espressione greca che letteralmente si pu\u00f2 tradurre in tutto scorre, esprime sinteticamente il pensiero di Eraclito sulla vita. Ma la fotografia no, la fotografia \"congela\" l'attimo, per sempre.<\/p> <p id=\"block-9f660c5d-164d-4ec6-b30c-85bb2a24adb5\" style=\"text-align: justify;\" role=\"document\" contenteditable=\"true\" aria-multiline=\"true\" aria-label=\"Block: Paragraph\" aria-readonly=\"false\" data-block=\"9f660c5d-164d-4ec6-b30c-85bb2a24adb5\" data-type=\"core\/paragraph\" data-title=\"Paragraph\" data-empty=\"false\" data-wp-block-attribute-key=\"content\">Crescendo ho voluto esplorare altre forme di fotografia e grazie al mio amico fotografo ho imparato abbastanza velocemente tutte le tecniche di base. Poi la mia prima Reflex a pellicola, generosamente prestatami da mio nonno, che \u00e8 diventata subito la mia scuola di fotografia e che ho utilizzato per molti anni, facendomi crescere molto sia dal punto di vista tecnico che artistico.<\/p> <p id=\"block-5e7dcff7-de57-47c6-bbd8-7ce5b81cedef\" style=\"text-align: justify;\" role=\"document\" contenteditable=\"true\" aria-multiline=\"true\" aria-label=\"Block: Paragraph\" aria-readonly=\"false\" data-block=\"5e7dcff7-de57-47c6-bbd8-7ce5b81cedef\" data-type=\"core\/paragraph\" data-title=\"Paragraph\" data-empty=\"false\" data-wp-block-attribute-key=\"content\"><img loading=\"lazy\" decoding=\"async\" src=\"https:\/\/andreatomicich.com\/wp-content\/uploads\/2022\/09\/D83A3755-300x300.jpg\" alt=\"\" width=\"176\" height=\"176\" srcset=\"https:\/\/andreatomicich.com\/wp-content\/uploads\/2022\/09\/D83A3755-300x300.jpg 300w, https:\/\/andreatomicich.com\/wp-content\/uploads\/2022\/09\/D83A3755-150x150.jpg 150w, https:\/\/andreatomicich.com\/wp-content\/uploads\/2022\/09\/D83A3755-768x768.jpg 768w, https:\/\/andreatomicich.com\/wp-content\/uploads\/2022\/09\/D83A3755-400x400.jpg 400w, https:\/\/andreatomicich.com\/wp-content\/uploads\/2022\/09\/D83A3755.jpg 1000w\" sizes=\"auto, (max-width: 176px) 100vw, 176px\" \/>Ma i campi della fotografia sono tanti e anche le curiosit\u00e0. Cos\u00ec ho iniziato a documentarmi e studiare la fotografia paesaggistica e naturalistica e poi ho esplorato anche il campo della Macrofotografia. La migrazione alla fotografia digitale ha portato una semplificazione in termini di costi e quindi studiare e sperimentare \u00e8 stato pi\u00f9 facile e molto pi\u00f9 economico di prima. Con i costi inferiori e la facilit\u00e0 di vedere immediatamente i risultati, approfondire anche gli altri campi della fotografia \u00e8 stato molto pi\u00f9 facile.<\/p> <p id=\"block-6ffd8e38-941d-4ff4-84e1-9570be3ab709\" style=\"text-align: justify;\" role=\"document\" contenteditable=\"true\" aria-multiline=\"true\" aria-label=\"Block: Paragraph\" aria-readonly=\"false\" data-block=\"6ffd8e38-941d-4ff4-84e1-9570be3ab709\" data-type=\"core\/paragraph\" data-title=\"Paragraph\" data-empty=\"false\" data-wp-block-attribute-key=\"content\">I ritratti e la fotografia sportiva sono stati i primi ad essere aggiunti alla base di conoscenza. \u00c8 stato bello affrontarli e studiarli visto che avevo ancora amici fotografi nel campo della moda e dello sport. Ma non \u00e8 finita qui\u2026<\/p> <p id=\"block-b94a58f7-1a81-47ac-8f00-df1d7e96bc14\" style=\"text-align: justify;\" role=\"document\" contenteditable=\"true\" aria-multiline=\"true\" aria-label=\"Block: Paragraph\" aria-readonly=\"false\" data-block=\"b94a58f7-1a81-47ac-8f00-df1d7e96bc14\" data-type=\"core\/paragraph\" data-title=\"Paragraph\" data-empty=\"false\" data-wp-block-attribute-key=\"content\"><img loading=\"lazy\" decoding=\"async\" src=\"https:\/\/andreatomicich.com\/wp-content\/uploads\/2022\/09\/5DM39136-200x300.jpg\" alt=\"\" width=\"138\" height=\"207\" srcset=\"https:\/\/andreatomicich.com\/wp-content\/uploads\/2022\/09\/5DM39136-200x300.jpg 200w, https:\/\/andreatomicich.com\/wp-content\/uploads\/2022\/09\/5DM39136.jpg 667w\" sizes=\"auto, (max-width: 138px) 100vw, 138px\" \/>Molti anni prima avevo sentito parlare della fotografia a infrarossi e l'idea di vedere l'invisibile mi aveva catturato. Appena possibile ho voluto imparare questo tipo di fotografia, sicuramente molto pi\u00f9 difficile della fotografia tradizionale perch\u00e9 richiedeva modifiche alla macchina fotografica e filtri speciali oltre a tutta una serie di accorgimenti. \u00c8 stato difficile iniziare ma poi, con lo studio e la costanza, sono arrivati i primi risultati. Sono stati molto interessanti e mi hanno permesso di raggiungere un livello artistico sicuramente pi\u00f9 alto di prima.<\/p> <p id=\"block-88cb2c5a-3ece-46c2-968d-80444754692b\" style=\"text-align: justify;\" role=\"document\" contenteditable=\"true\" aria-multiline=\"true\" aria-label=\"Block: Paragraph\" aria-readonly=\"false\" data-block=\"88cb2c5a-3ece-46c2-968d-80444754692b\" data-type=\"core\/paragraph\" data-title=\"Paragraph\" data-empty=\"false\" data-wp-block-attribute-key=\"content\"><img loading=\"lazy\" decoding=\"async\" src=\"https:\/\/andreatomicich.com\/wp-content\/uploads\/2023\/03\/N_Stefy_1-200x300.jpg\" alt=\"\" width=\"143\" height=\"215\" srcset=\"https:\/\/andreatomicich.com\/wp-content\/uploads\/2023\/03\/N_Stefy_1-200x300.jpg 200w, https:\/\/andreatomicich.com\/wp-content\/uploads\/2023\/03\/N_Stefy_1-400x600.jpg 400w, https:\/\/andreatomicich.com\/wp-content\/uploads\/2023\/03\/N_Stefy_1-266x400.jpg 266w, https:\/\/andreatomicich.com\/wp-content\/uploads\/2023\/03\/N_Stefy_1.jpg 320w\" sizes=\"auto, (max-width: 143px) 100vw, 143px\" \/>Poich\u00e9 la mia passione ei miei hobby non sono finiti qui, nel 2010 ho iniziato un nuovo percorso nella fotografia astronomica. Prima insieme ad un amico che aveva una buona attrezzatura che ha condiviso con me e poi con la attrezzatura che ho acquistato. La strada \u00e8 dura, imparare non \u00e8 stato semplicissimo ma finalmente ho raggiunto buoni risultati.<\/p> <p id=\"block-afb378db-b582-4f41-be49-3d40ad7422fb\" style=\"text-align: justify;\" role=\"document\" contenteditable=\"true\" aria-multiline=\"true\" aria-label=\"Block: Paragraph\" aria-readonly=\"false\" data-block=\"afb378db-b582-4f41-be49-3d40ad7422fb\" data-type=\"core\/paragraph\" data-title=\"Paragraph\" data-empty=\"false\" data-wp-block-attribute-key=\"content\">\u00e8 finita qui? no, conoscendomi non credo\u2026<\/p>\n","_links":{"self":[{"href":"https:\/\/andreatomicich.com\/index.php\/wp-json\/wp\/v2\/pages\/32","targetHints":{"allow":["GET"]}}],"collection":[{"href":"https:\/\/andreatomicich.com\/index.php\/wp-json\/wp\/v2\/pages"}],"about":[{"href":"https:\/\/andreatomicich.com\/index.php\/wp-json\/wp\/v2\/types\/page"}],"author":[{"embeddable":true,"href":"https:\/\/andreatomicich.com\/index.php\/wp-json\/wp\/v2\/users\/1"}],"replies":[{"embeddable":true,"href":"https:\/\/andreatomicich.com\/index.php\/wp-json\/wp\/v2\/comments?post=32"}],"version-history":[{"count":14,"href":"https:\/\/andreatomicich.com\/index.php\/wp-json\/wp\/v2\/pages\/32\/revisions"}],"predecessor-version":[{"id":1785,"href":"https:\/\/andreatomicich.com\/index.php\/wp-json\/wp\/v2\/pages\/32\/revisions\/1785"}],"wp:attachment":[{"href":"https:\/\/andreatomicich.com\/index.php\/wp-json\/wp\/v2\/media?parent=32"}],"curies":[{"name":"wp","href":"https:\/\/api.w.org\/{rel}","templated":true}]}}