{"id":63,"date":"2022-09-15T12:59:07","date_gmt":"2022-09-15T12:59:07","guid":{"rendered":"https:\/\/andreatomicich.com\/?page_id=63"},"modified":"2024-05-07T13:15:22","modified_gmt":"2024-05-07T13:15:22","slug":"irda_page","status":"publish","type":"page","link":"https:\/\/andreatomicich.com\/index.php\/irda_page\/","title":{"rendered":"Irda_Page"},"content":{"rendered":"<p class=\"has-text-align-center has-large-font-size\"><strong><em>Fotografia ad Infrarosso<\/em><\/strong><\/p>\n\n<!--themify_builder_content-->\n<div id=\"themify_builder_content-63\" data-postid=\"63\" class=\"themify_builder_content themify_builder_content-63 themify_builder tf_clear\">\n                    <div  data-lazy=\"1\" class=\"module_row themify_builder_row tb_s0ou36 tb_first tf_w\">\n                        <div class=\"row_inner col_align_top tb_col_count_1 tf_box tf_rel\">\n                        <div  data-lazy=\"1\" class=\"module_column tb-column col-full tb_2cyt36 first\">\n                    <!-- module text -->\n<div  class=\"module module-text tb_il2z576   \" data-lazy=\"1\">\n        <div  class=\"tb_text_wrap\">\n        <p style=\"text-align: justify;\">La <a href=\"https:\/\/en.wikipedia.org\/wiki\/Infrared_photography\">fotografia all\u2019infrarosso<\/a> \u00e8 un tipo di fotografia che non \u00e8 nata con le fotocamere digitali ma esisteva gi\u00e0 molto tempo fa, ancora con quella che era la fotografia \u201ca pellicola\u201d. C\u2019erano infatti pellicole speciali, la pi\u00f9 famosa e diffusa era quella della <a href=\"https:\/\/en.wikipedia.org\/wiki\/Kodak_High-Speed_Infrared\"><strong>Kodak HIR Infrared<\/strong><\/a>, fuori produzione dal 2006 o quella della <a href=\"https:\/\/www.rolleianalog.com\/rollei-infrared\/?lang=en\">Rollei Infrared 400<\/a>, ancora in produzione.<\/p>\n<p style=\"text-align: justify;\">Questo tipo di fotografia \u00e8 qualcosa di molto diverso da quello che pu\u00f2 essere la fotografia tradizionale in quanto \u201ccattura\u201d una parte di \u201cluce\u201d che il nostro occhio non \u00e8 in grado di vedere. Ci\u00f2 che viene \u201cregistrato\u201d appartiene ad un mondo per noi totalmente invisibile e che solo alcune tipologie di esseri del mondo animale sono in grado di percepire. Per questo si presta molto all\u2019interpretazione artistica e a varie tecniche personali di post produzione.<\/p>\n<p style=\"text-align: justify;\">Con l\u2019avvento del digitale, la fotografia all\u2019infrarosso \u00e8 diventata pi\u00f9 facile in quanto i sensori, nativamente, hanno una notevole sensibilit\u00e0 nel campo infrarosso. Tuttavia, non tutte le fotocamere digitali sono adatte a scattare foto a infrarossi perch\u00e9 generalmente dispongono di un filtro speciale che ha lo scopo di eliminare questo tipo di frequenza per migliorare quella che \u00e8 la fotografia standard. Una descrizione pi\u00f9 completa ed esauriente di cosa sia la fotografia a infrarossi pu\u00f2 essere trovata nelle mie <a href=\"https:\/\/andreatomicich.com\/index.php\/irda_principles\/\">note qui<\/a>.<\/p>    <\/div>\n<\/div>\n<!-- \/module text --><!-- module divider -->\n<div  class=\"module tf_mw module-divider tb_z3sl440 solid   \" style=\"border-width: 1px;border-color: #000;\" data-lazy=\"1\">\n    <\/div>\n<!-- \/module divider -->\n        <div  data-lazy=\"1\" class=\"module_subrow themify_builder_sub_row tf_w col_align_top tb_col_count_2 tb_z60u706\">\n                <div  data-lazy=\"1\" class=\"module_column sub_column col4-2 tb_stav706 first\">\n                    <!-- module text -->\n<div  class=\"module module-text tb_ufbz123   \" data-lazy=\"1\">\n        <div  class=\"tb_text_wrap\">\n        <p class=\"has-text-align-center has-medium-font-size\" style=\"text-align: center;\"><strong>Fotografia nel Vicino Infrarosso<\/strong><\/p>\n<p style=\"text-align: justify;\"><!-- \/wp:paragraph --><!-- wp:tadv\/classic-paragraph --><\/p>\n<p style=\"text-align: justify;\">La fotografia nel vicino infrarosso \u00e8 quella che pu\u00f2 essere considerata la pi\u00f9 <em>\u201cartistica\u201d<\/em> in quanto si presta a dare una personale interpretazione dell&#8217;immagine grezza in fase di post-produzione.<\/p>\n<p style=\"text-align: justify;\"><!-- \/wp:tadv\/classic-paragraph --><!-- wp:tadv\/classic-paragraph --><\/p>\n<p style=\"text-align: justify;\">Questo tipo di fotografia utilizza un filtro con una banda abbastanza larga e molto vicina a quella del colore rosso. Il risultato \u00e8 che una parte del rosso viene \u201cregistrata\u201d e di conseguenza lavorata con risultati unici e artistici.<\/p>\n<p style=\"text-align: justify;\"><!-- \/wp:tadv\/classic-paragraph --><!-- wp:tadv\/classic-paragraph --><\/p>\n<p style=\"text-align: justify;\">Per saperne di pi\u00f9 sulla tecnica utilizzata per ottenere questi risultati, puoi guardare le mie note <a href=\"https:\/\/andreatomicich.com\/index.php\/irda_principles\/\">qui sul sito<\/a>.<\/p>\n<p><!-- \/wp:tadv\/classic-paragraph --><\/p>    <\/div>\n<\/div>\n<!-- \/module text -->        <\/div>\n                    <div  data-lazy=\"1\" class=\"module_column sub_column col4-2 tb_lm3e706 last\">\n                    <!-- module image -->\n<div  class=\"module module-image tb_npsx723 image-center rounded drop-shadow  auto_fullwidth tf_mw\" data-lazy=\"1\">\n        <div class=\"image-wrap tf_rel tf_mw\">\n            <a href=\"https:\/\/andreatomicich.com\/index.php\/nirda_gallery\/\">\n                   <img loading=\"lazy\" decoding=\"async\" src=\"https:\/\/andreatomicich.com\/wp-content\/uploads\/2022\/09\/nirda-1-1024x695-400x271.jpg\" width=\"400\" height=\"271\" class=\"wp-post-image wp-image-92\" title=\"nirda-1\" alt=\"nirda-1\" srcset=\"https:\/\/andreatomicich.com\/wp-content\/uploads\/2022\/09\/nirda-1-1024x695-400x271.jpg 400w, https:\/\/andreatomicich.com\/wp-content\/uploads\/2022\/09\/nirda-1-1024x695-300x203.jpg 300w, https:\/\/andreatomicich.com\/wp-content\/uploads\/2022\/09\/nirda-1-1024x695.jpg 1024w, https:\/\/andreatomicich.com\/wp-content\/uploads\/2022\/09\/nirda-1-768x521.jpg 768w, https:\/\/andreatomicich.com\/wp-content\/uploads\/2022\/09\/nirda-1.jpg 1177w\" sizes=\"auto, (max-width: 400px) 100vw, 400px\" \/>        <\/a>\n    \n        <\/div>\n    <!-- \/image-wrap -->\n    \n        <\/div>\n<!-- \/module image -->        <\/div>\n                    <\/div>\n                <\/div>\n                        <\/div>\n        <\/div>\n                        <div  data-lazy=\"1\" class=\"module_row themify_builder_row tb_ibxz121 tf_w\">\n                        <div class=\"row_inner col_align_top tb_col_count_1 tf_box tf_rel\">\n                        <div  data-lazy=\"1\" class=\"module_column tb-column col-full tb_4g0r121 first\">\n                    <!-- module divider -->\n<div  class=\"module tf_mw module-divider tb_lgod123 solid   \" style=\"border-width: 1px;border-color: #000;\" data-lazy=\"1\">\n    <\/div>\n<!-- \/module divider -->\n        <\/div>\n                        <\/div>\n        <\/div>\n                        <div  data-lazy=\"1\" class=\"module_row themify_builder_row tb_9c7u458 tf_w\">\n                        <div class=\"row_inner col_align_top tb_col_count_2 tf_box tf_rel\">\n                        <div  data-lazy=\"1\" class=\"module_column tb-column col4-2 tb_6eip459 first\">\n                    <!-- module image -->\n<div  class=\"module module-image tb_f4kt529 image-center rounded drop-shadow  auto_fullwidth tf_mw\" data-lazy=\"1\">\n        <div class=\"image-wrap tf_rel tf_mw\">\n            <a href=\"https:\/\/andreatomicich.com\/index.php\/dirda_gallery\/\">\n                   <img loading=\"lazy\" decoding=\"async\" src=\"https:\/\/andreatomicich.com\/wp-content\/uploads\/2022\/09\/IMG_4117_8_9-400x266.jpg\" width=\"400\" height=\"266\" class=\"wp-post-image wp-image-93\" title=\"IMG_4117_8_9\" alt=\"IMG_4117_8_9\" srcset=\"https:\/\/andreatomicich.com\/wp-content\/uploads\/2022\/09\/IMG_4117_8_9-400x266.jpg 400w, https:\/\/andreatomicich.com\/wp-content\/uploads\/2022\/09\/IMG_4117_8_9-300x200.jpg 300w, https:\/\/andreatomicich.com\/wp-content\/uploads\/2022\/09\/IMG_4117_8_9-768x511.jpg 768w, https:\/\/andreatomicich.com\/wp-content\/uploads\/2022\/09\/IMG_4117_8_9.jpg 1000w\" sizes=\"auto, (max-width: 400px) 100vw, 400px\" \/>        <\/a>\n    \n        <\/div>\n    <!-- \/image-wrap -->\n    \n        <\/div>\n<!-- \/module image -->        <\/div>\n                    <div  data-lazy=\"1\" class=\"module_column tb-column col4-2 tb_l7be459 last\">\n                    <!-- module text -->\n<div  class=\"module module-text tb_8o0291   \" data-lazy=\"1\">\n        <div  class=\"tb_text_wrap\">\n        <p><!-- wp:paragraph {\"align\":\"center\",\"fontSize\":\"medium\"} --><\/p>\n<p class=\"has-text-align-center has-medium-font-size\" style=\"text-align: center;\"><span style=\"font-size: 14pt;\"><strong>Fotografia del Profondo Infrarosso<\/strong><\/span><\/p>\n<p style=\"text-align: justify;\"><!-- \/wp:paragraph --> <!-- wp:tadv\/classic-paragraph --><\/p>\n<p style=\"text-align: justify;\">A differenza della fotografia nel vicino infrarosso, la fotografia nel profondo infrarosso \u201cregistra\u201d una parte dello spettro elettromagnetico che \u00e8 \u201clontano\u201d da ci\u00f2 che il nostro occhio percepisce come il colore Rosso.<\/p>\n<p style=\"text-align: justify;\"><!-- \/wp:tadv\/classic-paragraph --> <!-- wp:tadv\/classic-paragraph --><\/p>\n<p style=\"text-align: justify;\">Il segnale cos\u00ec raccolto \u00e8 quasi praticamente quello della sola Luminanza, cio\u00e8 una semplice gamma di bianco e nero.<\/p>\n<p style=\"text-align: justify;\"><!-- \/wp:tadv\/classic-paragraph --> <!-- wp:tadv\/classic-paragraph --><\/p>\n<p style=\"text-align: justify;\">Per caratteristiche particolari in cui si trova questa gamma di frequenze, la profondit\u00e0 del bianco e nero \u00e8 molto accentuata con contrasti particolarmente \u201cforti\u201d gi\u00e0 in fase di ripresa.<\/p>\n<p style=\"text-align: justify;\"><!-- \/wp:tadv\/classic-paragraph --> <!-- wp:tadv\/classic-paragraph --><\/p>\n<p style=\"text-align: justify;\">Per saperne di pi\u00f9 sulla tecnica utilizzata per ottenere questi risultati, puoi guardare le mie <a href=\"https:\/\/andreatomicich.com\/index.php\/irda_principles\/\">note qui sul sito<\/a>.<\/p>\n<p><!-- \/wp:tadv\/classic-paragraph --><\/p>    <\/div>\n<\/div>\n<!-- \/module text -->        <\/div>\n                        <\/div>\n        <\/div>\n        <\/div>\n<!--\/themify_builder_content-->","protected":false},"excerpt":{"rendered":"<p>Fotografia ad Infrarosso<\/p>\n","protected":false},"author":1,"featured_media":0,"parent":0,"menu_order":0,"comment_status":"closed","ping_status":"closed","template":"","meta":{"site-sidebar-layout":"default","site-content-layout":"","ast-site-content-layout":"default","site-content-style":"default","site-sidebar-style":"default","ast-global-header-display":"","ast-banner-title-visibility":"","ast-main-header-display":"","ast-hfb-above-header-display":"","ast-hfb-below-header-display":"","ast-hfb-mobile-header-display":"","site-post-title":"","ast-breadcrumbs-content":"","ast-featured-img":"","footer-sml-layout":"","ast-disable-related-posts":"","theme-transparent-header-meta":"","adv-header-id-meta":"","stick-header-meta":"","header-above-stick-meta":"","header-main-stick-meta":"","header-below-stick-meta":"","astra-migrate-meta-layouts":"set","ast-page-background-enabled":"default","ast-page-background-meta":{"desktop":{"background-color":"var(--ast-global-color-4)","background-image":"","background-repeat":"repeat","background-position":"center center","background-size":"auto","background-attachment":"scroll","background-type":"","background-media":"","overlay-type":"","overlay-color":"","overlay-opacity":"","overlay-gradient":""},"tablet":{"background-color":"","background-image":"","background-repeat":"repeat","background-position":"center center","background-size":"auto","background-attachment":"scroll","background-type":"","background-media":"","overlay-type":"","overlay-color":"","overlay-opacity":"","overlay-gradient":""},"mobile":{"background-color":"","background-image":"","background-repeat":"repeat","background-position":"center center","background-size":"auto","background-attachment":"scroll","background-type":"","background-media":"","overlay-type":"","overlay-color":"","overlay-opacity":"","overlay-gradient":""}},"ast-content-background-meta":{"desktop":{"background-color":"var(--ast-global-color-5)","background-image":"","background-repeat":"repeat","background-position":"center center","background-size":"auto","background-attachment":"scroll","background-type":"","background-media":"","overlay-type":"","overlay-color":"","overlay-opacity":"","overlay-gradient":""},"tablet":{"background-color":"var(--ast-global-color-5)","background-image":"","background-repeat":"repeat","background-position":"center center","background-size":"auto","background-attachment":"scroll","background-type":"","background-media":"","overlay-type":"","overlay-color":"","overlay-opacity":"","overlay-gradient":""},"mobile":{"background-color":"var(--ast-global-color-5)","background-image":"","background-repeat":"repeat","background-position":"center center","background-size":"auto","background-attachment":"scroll","background-type":"","background-media":"","overlay-type":"","overlay-color":"","overlay-opacity":"","overlay-gradient":""}},"footnotes":""},"class_list":["post-63","page","type-page","status-publish","hentry"],"yoast_head":"<!-- This site is optimized with the Yoast SEO plugin v27.5 - https:\/\/yoast.com\/product\/yoast-seo-wordpress\/ -->\n<title>Irda_Page - Andrea Tomicich photography<\/title>\n<meta name=\"description\" content=\"Esplora il mondo attraverso gli occhi di Andrea Tomicich, fotografo professionale specializzato in fotografia artistica e infrarossa. Scopri le sue straordinarie immagini che catturano la bellezza della natura, l&#039;eleganza delle modelle e l&#039;essenza dell&#039;arte. Entra nel suo universo visivo e lasciati trasportare in un viaggio emozionante tra luce, colore e forma.\" \/>\n<meta name=\"robots\" content=\"index, follow, max-snippet:-1, max-image-preview:large, max-video-preview:-1\" \/>\n<link rel=\"canonical\" href=\"https:\/\/andreatomicich.com\/index.php\/irda_page\/\" \/>\n<meta property=\"og:locale\" content=\"en_US\" \/>\n<meta property=\"og:type\" content=\"article\" \/>\n<meta property=\"og:title\" content=\"Irda_Page - Andrea Tomicich photography\" \/>\n<meta property=\"og:description\" content=\"Esplora il mondo attraverso gli occhi di Andrea Tomicich, fotografo professionale specializzato in fotografia artistica e infrarossa. Scopri le sue straordinarie immagini che catturano la bellezza della natura, l&#039;eleganza delle modelle e l&#039;essenza dell&#039;arte. Entra nel suo universo visivo e lasciati trasportare in un viaggio emozionante tra luce, colore e forma.\" \/>\n<meta property=\"og:url\" content=\"https:\/\/andreatomicich.com\/index.php\/irda_page\/\" \/>\n<meta property=\"og:site_name\" content=\"Andrea Tomicich photography\" \/>\n<meta property=\"article:modified_time\" content=\"2024-05-07T13:15:22+00:00\" \/>\n<meta property=\"og:image\" content=\"https:\/\/andreatomicich.com\/wp-content\/uploads\/2022\/09\/nirda-1-1024x695-400x271.jpg\" \/>\n<meta name=\"twitter:card\" content=\"summary_large_image\" \/>\n<meta name=\"twitter:label1\" content=\"Est. reading time\" \/>\n\t<meta name=\"twitter:data1\" content=\"3 minutes\" \/>\n<script type=\"application\/ld+json\" class=\"yoast-schema-graph\">{\"@context\":\"https:\\\/\\\/schema.org\",\"@graph\":[{\"@type\":\"WebPage\",\"@id\":\"https:\\\/\\\/andreatomicich.com\\\/index.php\\\/irda_page\\\/\",\"url\":\"https:\\\/\\\/andreatomicich.com\\\/index.php\\\/irda_page\\\/\",\"name\":\"Irda_Page - Andrea Tomicich photography\",\"isPartOf\":{\"@id\":\"https:\\\/\\\/andreatomicich.com\\\/#website\"},\"primaryImageOfPage\":{\"@id\":\"https:\\\/\\\/andreatomicich.com\\\/index.php\\\/irda_page\\\/#primaryimage\"},\"image\":{\"@id\":\"https:\\\/\\\/andreatomicich.com\\\/index.php\\\/irda_page\\\/#primaryimage\"},\"thumbnailUrl\":\"https:\\\/\\\/andreatomicich.com\\\/wp-content\\\/uploads\\\/2022\\\/09\\\/nirda-1-1024x695-400x271.jpg\",\"datePublished\":\"2022-09-15T12:59:07+00:00\",\"dateModified\":\"2024-05-07T13:15:22+00:00\",\"description\":\"Esplora il mondo attraverso gli occhi di Andrea Tomicich, fotografo professionale specializzato in fotografia artistica e infrarossa. Scopri le sue straordinarie immagini che catturano la bellezza della natura, l'eleganza delle modelle e l'essenza dell'arte. Entra nel suo universo visivo e lasciati trasportare in un viaggio emozionante tra luce, colore e forma.\",\"breadcrumb\":{\"@id\":\"https:\\\/\\\/andreatomicich.com\\\/index.php\\\/irda_page\\\/#breadcrumb\"},\"inLanguage\":\"en-US\",\"potentialAction\":[{\"@type\":\"ReadAction\",\"target\":[\"https:\\\/\\\/andreatomicich.com\\\/index.php\\\/irda_page\\\/\"]}]},{\"@type\":\"ImageObject\",\"inLanguage\":\"en-US\",\"@id\":\"https:\\\/\\\/andreatomicich.com\\\/index.php\\\/irda_page\\\/#primaryimage\",\"url\":\"https:\\\/\\\/andreatomicich.com\\\/wp-content\\\/uploads\\\/2022\\\/09\\\/nirda-1-1024x695-400x271.jpg\",\"contentUrl\":\"https:\\\/\\\/andreatomicich.com\\\/wp-content\\\/uploads\\\/2022\\\/09\\\/nirda-1-1024x695-400x271.jpg\"},{\"@type\":\"BreadcrumbList\",\"@id\":\"https:\\\/\\\/andreatomicich.com\\\/index.php\\\/irda_page\\\/#breadcrumb\",\"itemListElement\":[{\"@type\":\"ListItem\",\"position\":1,\"name\":\"Home\",\"item\":\"https:\\\/\\\/andreatomicich.com\\\/\"},{\"@type\":\"ListItem\",\"position\":2,\"name\":\"Irda_Page\"}]},{\"@type\":\"WebSite\",\"@id\":\"https:\\\/\\\/andreatomicich.com\\\/#website\",\"url\":\"https:\\\/\\\/andreatomicich.com\\\/\",\"name\":\"Andrea Tomicich photography\",\"description\":\"Dalla realt\u00e0 all&#039;arte: il potere della fotografia infrarossa\",\"publisher\":{\"@id\":\"https:\\\/\\\/andreatomicich.com\\\/#\\\/schema\\\/person\\\/498b7e9a035e820bb132541f8079f81b\"},\"alternateName\":\"Scatti che trasformano il normale in straordinario: fotografia artistica e infrarossa\",\"potentialAction\":[{\"@type\":\"SearchAction\",\"target\":{\"@type\":\"EntryPoint\",\"urlTemplate\":\"https:\\\/\\\/andreatomicich.com\\\/?s={search_term_string}\"},\"query-input\":{\"@type\":\"PropertyValueSpecification\",\"valueRequired\":true,\"valueName\":\"search_term_string\"}}],\"inLanguage\":\"en-US\"},{\"@type\":[\"Person\",\"Organization\"],\"@id\":\"https:\\\/\\\/andreatomicich.com\\\/#\\\/schema\\\/person\\\/498b7e9a035e820bb132541f8079f81b\",\"name\":\"AdMiN9998\",\"image\":{\"@type\":\"ImageObject\",\"inLanguage\":\"en-US\",\"@id\":\"https:\\\/\\\/andreatomicich.com\\\/wp-content\\\/uploads\\\/2022\\\/09\\\/AT_full_500px_Black.png\",\"url\":\"https:\\\/\\\/andreatomicich.com\\\/wp-content\\\/uploads\\\/2022\\\/09\\\/AT_full_500px_Black.png\",\"contentUrl\":\"https:\\\/\\\/andreatomicich.com\\\/wp-content\\\/uploads\\\/2022\\\/09\\\/AT_full_500px_Black.png\",\"width\":500,\"height\":127,\"caption\":\"AdMiN9998\"},\"logo\":{\"@id\":\"https:\\\/\\\/andreatomicich.com\\\/wp-content\\\/uploads\\\/2022\\\/09\\\/AT_full_500px_Black.png\"},\"sameAs\":[\"https:\\\/\\\/andreatomicich.com\"]}]}<\/script>\n<!-- \/ Yoast SEO plugin. -->","yoast_head_json":{"title":"Irda_Page - Andrea Tomicich photography","description":"Esplora il mondo attraverso gli occhi di Andrea Tomicich, fotografo professionale specializzato in fotografia artistica e infrarossa. Scopri le sue straordinarie immagini che catturano la bellezza della natura, l'eleganza delle modelle e l'essenza dell'arte. Entra nel suo universo visivo e lasciati trasportare in un viaggio emozionante tra luce, colore e forma.","robots":{"index":"index","follow":"follow","max-snippet":"max-snippet:-1","max-image-preview":"max-image-preview:large","max-video-preview":"max-video-preview:-1"},"canonical":"https:\/\/andreatomicich.com\/index.php\/irda_page\/","og_locale":"en_US","og_type":"article","og_title":"Irda_Page - Andrea Tomicich photography","og_description":"Esplora il mondo attraverso gli occhi di Andrea Tomicich, fotografo professionale specializzato in fotografia artistica e infrarossa. Scopri le sue straordinarie immagini che catturano la bellezza della natura, l'eleganza delle modelle e l'essenza dell'arte. Entra nel suo universo visivo e lasciati trasportare in un viaggio emozionante tra luce, colore e forma.","og_url":"https:\/\/andreatomicich.com\/index.php\/irda_page\/","og_site_name":"Andrea Tomicich photography","article_modified_time":"2024-05-07T13:15:22+00:00","og_image":[{"url":"https:\/\/andreatomicich.com\/wp-content\/uploads\/2022\/09\/nirda-1-1024x695-400x271.jpg","type":"","width":"","height":""}],"twitter_card":"summary_large_image","twitter_misc":{"Est. reading time":"3 minutes"},"schema":{"@context":"https:\/\/schema.org","@graph":[{"@type":"WebPage","@id":"https:\/\/andreatomicich.com\/index.php\/irda_page\/","url":"https:\/\/andreatomicich.com\/index.php\/irda_page\/","name":"Irda_Page - Andrea Tomicich photography","isPartOf":{"@id":"https:\/\/andreatomicich.com\/#website"},"primaryImageOfPage":{"@id":"https:\/\/andreatomicich.com\/index.php\/irda_page\/#primaryimage"},"image":{"@id":"https:\/\/andreatomicich.com\/index.php\/irda_page\/#primaryimage"},"thumbnailUrl":"https:\/\/andreatomicich.com\/wp-content\/uploads\/2022\/09\/nirda-1-1024x695-400x271.jpg","datePublished":"2022-09-15T12:59:07+00:00","dateModified":"2024-05-07T13:15:22+00:00","description":"Esplora il mondo attraverso gli occhi di Andrea Tomicich, fotografo professionale specializzato in fotografia artistica e infrarossa. Scopri le sue straordinarie immagini che catturano la bellezza della natura, l'eleganza delle modelle e l'essenza dell'arte. Entra nel suo universo visivo e lasciati trasportare in un viaggio emozionante tra luce, colore e forma.","breadcrumb":{"@id":"https:\/\/andreatomicich.com\/index.php\/irda_page\/#breadcrumb"},"inLanguage":"en-US","potentialAction":[{"@type":"ReadAction","target":["https:\/\/andreatomicich.com\/index.php\/irda_page\/"]}]},{"@type":"ImageObject","inLanguage":"en-US","@id":"https:\/\/andreatomicich.com\/index.php\/irda_page\/#primaryimage","url":"https:\/\/andreatomicich.com\/wp-content\/uploads\/2022\/09\/nirda-1-1024x695-400x271.jpg","contentUrl":"https:\/\/andreatomicich.com\/wp-content\/uploads\/2022\/09\/nirda-1-1024x695-400x271.jpg"},{"@type":"BreadcrumbList","@id":"https:\/\/andreatomicich.com\/index.php\/irda_page\/#breadcrumb","itemListElement":[{"@type":"ListItem","position":1,"name":"Home","item":"https:\/\/andreatomicich.com\/"},{"@type":"ListItem","position":2,"name":"Irda_Page"}]},{"@type":"WebSite","@id":"https:\/\/andreatomicich.com\/#website","url":"https:\/\/andreatomicich.com\/","name":"Andrea Tomicich photography","description":"Dalla realt\u00e0 all&#039;arte: il potere della fotografia infrarossa","publisher":{"@id":"https:\/\/andreatomicich.com\/#\/schema\/person\/498b7e9a035e820bb132541f8079f81b"},"alternateName":"Scatti che trasformano il normale in straordinario: fotografia artistica e infrarossa","potentialAction":[{"@type":"SearchAction","target":{"@type":"EntryPoint","urlTemplate":"https:\/\/andreatomicich.com\/?s={search_term_string}"},"query-input":{"@type":"PropertyValueSpecification","valueRequired":true,"valueName":"search_term_string"}}],"inLanguage":"en-US"},{"@type":["Person","Organization"],"@id":"https:\/\/andreatomicich.com\/#\/schema\/person\/498b7e9a035e820bb132541f8079f81b","name":"AdMiN9998","image":{"@type":"ImageObject","inLanguage":"en-US","@id":"https:\/\/andreatomicich.com\/wp-content\/uploads\/2022\/09\/AT_full_500px_Black.png","url":"https:\/\/andreatomicich.com\/wp-content\/uploads\/2022\/09\/AT_full_500px_Black.png","contentUrl":"https:\/\/andreatomicich.com\/wp-content\/uploads\/2022\/09\/AT_full_500px_Black.png","width":500,"height":127,"caption":"AdMiN9998"},"logo":{"@id":"https:\/\/andreatomicich.com\/wp-content\/uploads\/2022\/09\/AT_full_500px_Black.png"},"sameAs":["https:\/\/andreatomicich.com"]}]}},"builder_content":"<p style=\"text-align: justify;\">La <a href=\"https:\/\/en.wikipedia.org\/wiki\/Infrared_photography\">fotografia all\u2019infrarosso<\/a> \u00e8 un tipo di fotografia che non \u00e8 nata con le fotocamere digitali ma esisteva gi\u00e0 molto tempo fa, ancora con quella che era la fotografia \u201ca pellicola\u201d. C\u2019erano infatti pellicole speciali, la pi\u00f9 famosa e diffusa era quella della <a href=\"https:\/\/en.wikipedia.org\/wiki\/Kodak_High-Speed_Infrared\"><strong>Kodak HIR Infrared<\/strong><\/a>, fuori produzione dal 2006 o quella della <a href=\"https:\/\/www.rolleianalog.com\/rollei-infrared\/?lang=en\">Rollei Infrared 400<\/a>, ancora in produzione.<\/p> <p style=\"text-align: justify;\">Questo tipo di fotografia \u00e8 qualcosa di molto diverso da quello che pu\u00f2 essere la fotografia tradizionale in quanto \u201ccattura\u201d una parte di \u201cluce\u201d che il nostro occhio non \u00e8 in grado di vedere. Ci\u00f2 che viene \u201cregistrato\u201d appartiene ad un mondo per noi totalmente invisibile e che solo alcune tipologie di esseri del mondo animale sono in grado di percepire. Per questo si presta molto all\u2019interpretazione artistica e a varie tecniche personali di post produzione.<\/p> <p style=\"text-align: justify;\">Con l\u2019avvento del digitale, la fotografia all\u2019infrarosso \u00e8 diventata pi\u00f9 facile in quanto i sensori, nativamente, hanno una notevole sensibilit\u00e0 nel campo infrarosso. Tuttavia, non tutte le fotocamere digitali sono adatte a scattare foto a infrarossi perch\u00e9 generalmente dispongono di un filtro speciale che ha lo scopo di eliminare questo tipo di frequenza per migliorare quella che \u00e8 la fotografia standard. Una descrizione pi\u00f9 completa ed esauriente di cosa sia la fotografia a infrarossi pu\u00f2 essere trovata nelle mie <a href=\"https:\/\/andreatomicich.com\/index.php\/irda_principles\/\">note qui<\/a>.<\/p>\n\n<p style=\"text-align: center;\"><strong>Fotografia nel Vicino Infrarosso<\/strong><\/p> <p style=\"text-align: justify;\"><\/p> <p style=\"text-align: justify;\">La fotografia nel vicino infrarosso \u00e8 quella che pu\u00f2 essere considerata la pi\u00f9 <em>\u201cartistica\u201d<\/em> in quanto si presta a dare una personale interpretazione dell'immagine grezza in fase di post-produzione.<\/p> <p style=\"text-align: justify;\"><\/p> <p style=\"text-align: justify;\">Questo tipo di fotografia utilizza un filtro con una banda abbastanza larga e molto vicina a quella del colore rosso. Il risultato \u00e8 che una parte del rosso viene \u201cregistrata\u201d e di conseguenza lavorata con risultati unici e artistici.<\/p> <p style=\"text-align: justify;\"><\/p> <p style=\"text-align: justify;\">Per saperne di pi\u00f9 sulla tecnica utilizzata per ottenere questi risultati, puoi guardare le mie note <a href=\"https:\/\/andreatomicich.com\/index.php\/irda_principles\/\">qui sul sito<\/a>.<\/p> <p><\/p>\n<a href=\"https:\/\/andreatomicich.com\/index.php\/nirda_gallery\/\"> <img src=\"https:\/\/andreatomicich.com\/wp-content\/uploads\/2022\/09\/nirda-1-1024x695-400x271.jpg\" width=\"400\" height=\"271\" title=\"nirda-1\" alt=\"nirda-1\" srcset=\"https:\/\/andreatomicich.com\/wp-content\/uploads\/2022\/09\/nirda-1-1024x695-400x271.jpg 400w, https:\/\/andreatomicich.com\/wp-content\/uploads\/2022\/09\/nirda-1-1024x695-300x203.jpg 300w, https:\/\/andreatomicich.com\/wp-content\/uploads\/2022\/09\/nirda-1-1024x695.jpg 1024w, https:\/\/andreatomicich.com\/wp-content\/uploads\/2022\/09\/nirda-1-768x521.jpg 768w, https:\/\/andreatomicich.com\/wp-content\/uploads\/2022\/09\/nirda-1.jpg 1177w\" sizes=\"(max-width: 400px) 100vw, 400px\" \/> <\/a>\n\n<a href=\"https:\/\/andreatomicich.com\/index.php\/dirda_gallery\/\"> <img src=\"https:\/\/andreatomicich.com\/wp-content\/uploads\/2022\/09\/IMG_4117_8_9-400x266.jpg\" width=\"400\" height=\"266\" title=\"IMG_4117_8_9\" alt=\"IMG_4117_8_9\" srcset=\"https:\/\/andreatomicich.com\/wp-content\/uploads\/2022\/09\/IMG_4117_8_9-400x266.jpg 400w, https:\/\/andreatomicich.com\/wp-content\/uploads\/2022\/09\/IMG_4117_8_9-300x200.jpg 300w, https:\/\/andreatomicich.com\/wp-content\/uploads\/2022\/09\/IMG_4117_8_9-768x511.jpg 768w, https:\/\/andreatomicich.com\/wp-content\/uploads\/2022\/09\/IMG_4117_8_9.jpg 1000w\" sizes=\"(max-width: 400px) 100vw, 400px\" \/> <\/a>\n<p><\/p> <p style=\"text-align: center;\"><strong>Fotografia del Profondo Infrarosso<\/strong><\/p> <p style=\"text-align: justify;\"> <\/p> <p style=\"text-align: justify;\">A differenza della fotografia nel vicino infrarosso, la fotografia nel profondo infrarosso \u201cregistra\u201d una parte dello spettro elettromagnetico che \u00e8 \u201clontano\u201d da ci\u00f2 che il nostro occhio percepisce come il colore Rosso.<\/p> <p style=\"text-align: justify;\"> <\/p> <p style=\"text-align: justify;\">Il segnale cos\u00ec raccolto \u00e8 quasi praticamente quello della sola Luminanza, cio\u00e8 una semplice gamma di bianco e nero.<\/p> <p style=\"text-align: justify;\"> <\/p> <p style=\"text-align: justify;\">Per caratteristiche particolari in cui si trova questa gamma di frequenze, la profondit\u00e0 del bianco e nero \u00e8 molto accentuata con contrasti particolarmente \u201cforti\u201d gi\u00e0 in fase di ripresa.<\/p> <p style=\"text-align: justify;\"> <\/p> <p style=\"text-align: justify;\">Per saperne di pi\u00f9 sulla tecnica utilizzata per ottenere questi risultati, puoi guardare le mie <a href=\"https:\/\/andreatomicich.com\/index.php\/irda_principles\/\">note qui sul sito<\/a>.<\/p> <p><\/p>","_links":{"self":[{"href":"https:\/\/andreatomicich.com\/index.php\/wp-json\/wp\/v2\/pages\/63","targetHints":{"allow":["GET"]}}],"collection":[{"href":"https:\/\/andreatomicich.com\/index.php\/wp-json\/wp\/v2\/pages"}],"about":[{"href":"https:\/\/andreatomicich.com\/index.php\/wp-json\/wp\/v2\/types\/page"}],"author":[{"embeddable":true,"href":"https:\/\/andreatomicich.com\/index.php\/wp-json\/wp\/v2\/users\/1"}],"replies":[{"embeddable":true,"href":"https:\/\/andreatomicich.com\/index.php\/wp-json\/wp\/v2\/comments?post=63"}],"version-history":[{"count":41,"href":"https:\/\/andreatomicich.com\/index.php\/wp-json\/wp\/v2\/pages\/63\/revisions"}],"predecessor-version":[{"id":1806,"href":"https:\/\/andreatomicich.com\/index.php\/wp-json\/wp\/v2\/pages\/63\/revisions\/1806"}],"wp:attachment":[{"href":"https:\/\/andreatomicich.com\/index.php\/wp-json\/wp\/v2\/media?parent=63"}],"curies":[{"name":"wp","href":"https:\/\/api.w.org\/{rel}","templated":true}]}}