{"id":990,"date":"2023-04-13T11:04:34","date_gmt":"2023-04-13T11:04:34","guid":{"rendered":"https:\/\/andreatomicich.com\/?page_id=990"},"modified":"2024-05-07T13:03:29","modified_gmt":"2024-05-07T13:03:29","slug":"news","status":"publish","type":"page","link":"https:\/\/andreatomicich.com\/index.php\/news\/","title":{"rendered":"News"},"content":{"rendered":"\n<p class=\"has-text-align-center has-large-font-size\"><em><strong>Eventi e novit\u00e0 in corso<\/strong><\/em><\/p>\n\n\n\n<p style=\"text-align: justify;\"><span style=\"font-size: 14pt;\">Qui troverai tutte le informazioni pi\u00f9 recenti su ci\u00f2 che sta accadendo nel mio mondo &#8211; dalle ultime notizie sulle nuove iniziative e progetti in corso, ai resoconti degli eventi passati che hanno reso le mie giornate indimenticabili.<\/span><\/p>\n<p style=\"text-align: justify;\"><span style=\"font-size: 14pt;\">Ma non \u00e8 tutto! Siamo sempre un passo avanti, e vi terremo aggiornati su tutti gli eventi futuri in programma, cos\u00ec potrete pianificare le vostre partecipazioni e non perdervi nulla di ci\u00f2 che accade nel mio ambiente. Iscriviti alla mi<\/span>a <a href=\"https:\/\/andreatomicich.com\/index.php\/mailinglist\/\">mailing list<\/a><\/p>\n<p style=\"text-align: justify;\"><span style=\"font-size: 14pt;\">Restate sintonizzati per scoprire tutte le novit\u00e0 e gli eventi emozionanti che ci aspettano. Non vedo l&#8217;ora di condividere con voi momenti indimenticabili e esperienze straordinarie. Grazie per essere qui e per essere parte della nostra community!<\/span><\/p>\n\n\n\n<hr class=\"wp-block-separator has-alpha-channel-opacity is-style-wide\"\/>\n\n\n<ul class=\"wp-block-latest-posts__list is-grid columns-3 has-dates wp-block-latest-posts\"><li><div class=\"wp-block-latest-posts__featured-image aligncenter\"><a href=\"https:\/\/andreatomicich.com\/index.php\/2024\/05\/07\/collezione-permanente-1758-venice-art-studio\/\" aria-label=\"Collezione permanente 1758 Venice Art Studio\"><img loading=\"lazy\" decoding=\"async\" width=\"300\" height=\"213\" src=\"https:\/\/andreatomicich.com\/wp-content\/uploads\/2024\/05\/Permanente-gennaio-febbraio-1024x726-1-300x213.png\" class=\"attachment-medium size-medium wp-post-image\" alt=\"\" style=\"\" srcset=\"https:\/\/andreatomicich.com\/wp-content\/uploads\/2024\/05\/Permanente-gennaio-febbraio-1024x726-1-300x213.png 300w, https:\/\/andreatomicich.com\/wp-content\/uploads\/2024\/05\/Permanente-gennaio-febbraio-1024x726-1-768x545.png 768w, https:\/\/andreatomicich.com\/wp-content\/uploads\/2024\/05\/Permanente-gennaio-febbraio-1024x726-1.png 1024w\" sizes=\"auto, (max-width: 300px) 100vw, 300px\" \/><\/a><\/div><a class=\"wp-block-latest-posts__post-title\" href=\"https:\/\/andreatomicich.com\/index.php\/2024\/05\/07\/collezione-permanente-1758-venice-art-studio\/\">Collezione permanente 1758 Venice Art Studio<\/a><time datetime=\"2024-05-07T08:19:20+00:00\" class=\"wp-block-latest-posts__post-date\">May 7, 2024<\/time><div class=\"wp-block-latest-posts__post-excerpt\">Gennaio \u2013 Luglio 2024Presso 1758 Venice Art StudioCalle del Campaniel 1758, San Polo, VELo studio Tivarnella Art Consulting \u00e8 lieto di presentare presso la galleria d\u2019arte contemporanea 1758 Venice Art Studio la Collezione Permanente 2024 con la partecipazione di Andrea\u2026 <a class=\"wp-block-latest-posts__read-more\" href=\"https:\/\/andreatomicich.com\/index.php\/2024\/05\/07\/collezione-permanente-1758-venice-art-studio\/\" rel=\"noopener noreferrer\">Read more<span class=\"screen-reader-text\">: Collezione permanente 1758 Venice Art Studio<\/span><\/a><\/div><\/li>\n<li><div class=\"wp-block-latest-posts__featured-image aligncenter\"><a href=\"https:\/\/andreatomicich.com\/index.php\/2024\/04\/06\/alchimia-dabisso-inaugurazione\/\" aria-label=\"Alchimia d&#8217;Abisso &#8211; Inaugurazione\"><img loading=\"lazy\" decoding=\"async\" width=\"300\" height=\"200\" src=\"https:\/\/andreatomicich.com\/wp-content\/uploads\/2024\/04\/MariaAndrea-15-300x200.jpg\" class=\"attachment-medium size-medium wp-post-image\" alt=\"\" style=\"\" srcset=\"https:\/\/andreatomicich.com\/wp-content\/uploads\/2024\/04\/MariaAndrea-15-300x200.jpg 300w, https:\/\/andreatomicich.com\/wp-content\/uploads\/2024\/04\/MariaAndrea-15.jpg 600w\" sizes=\"auto, (max-width: 300px) 100vw, 300px\" \/><\/a><\/div><a class=\"wp-block-latest-posts__post-title\" href=\"https:\/\/andreatomicich.com\/index.php\/2024\/04\/06\/alchimia-dabisso-inaugurazione\/\">Alchimia d&#8217;Abisso &#8211; Inaugurazione<\/a><time datetime=\"2024-04-06T09:03:14+00:00\" class=\"wp-block-latest-posts__post-date\">April 6, 2024<\/time><div class=\"wp-block-latest-posts__post-excerpt\">Inaugurazione! Si \u00e8 svolta ieri l&#8217;inaugurazione della nuova mostra Alchimia d&#8217;Abisso presso la sala espositiva di Hermetica di via Limitanea 7 a Trieste. A presentare la mostra \u00e8 stato Demis Albertacci, del Demis Albertacci Photostudio. L&#8217;affluenza \u00e8 stata molto importante\u2026 <a class=\"wp-block-latest-posts__read-more\" href=\"https:\/\/andreatomicich.com\/index.php\/2024\/04\/06\/alchimia-dabisso-inaugurazione\/\" rel=\"noopener noreferrer\">Read more<span class=\"screen-reader-text\">: Alchimia d&#8217;Abisso &#8211; Inaugurazione<\/span><\/a><\/div><\/li>\n<li><div class=\"wp-block-latest-posts__featured-image aligncenter\"><a href=\"https:\/\/andreatomicich.com\/index.php\/2024\/03\/19\/alchimia-dabisso-la-locandina\/\" aria-label=\"Alchimia d&#8217;Abisso &#8211; La locandina\"><img loading=\"lazy\" decoding=\"async\" width=\"300\" height=\"129\" src=\"https:\/\/andreatomicich.com\/wp-content\/uploads\/2024\/03\/2-300x129.png\" class=\"attachment-medium size-medium wp-post-image\" alt=\"\" style=\"\" srcset=\"https:\/\/andreatomicich.com\/wp-content\/uploads\/2024\/03\/2-300x129.png 300w, https:\/\/andreatomicich.com\/wp-content\/uploads\/2024\/03\/2-1024x439.png 1024w, https:\/\/andreatomicich.com\/wp-content\/uploads\/2024\/03\/2-768x329.png 768w, https:\/\/andreatomicich.com\/wp-content\/uploads\/2024\/03\/2-1536x658.png 1536w, https:\/\/andreatomicich.com\/wp-content\/uploads\/2024\/03\/2-2048x878.png 2048w, https:\/\/andreatomicich.com\/wp-content\/uploads\/2024\/03\/2-1024x439-1200x514.png 1200w, https:\/\/andreatomicich.com\/wp-content\/uploads\/2024\/03\/2-1024x439-1866x800.png 1866w\" sizes=\"auto, (max-width: 300px) 100vw, 300px\" \/><\/a><\/div><a class=\"wp-block-latest-posts__post-title\" href=\"https:\/\/andreatomicich.com\/index.php\/2024\/03\/19\/alchimia-dabisso-la-locandina\/\">Alchimia d&#8217;Abisso &#8211; La locandina<\/a><time datetime=\"2024-03-19T08:28:32+00:00\" class=\"wp-block-latest-posts__post-date\">March 19, 2024<\/time><div class=\"wp-block-latest-posts__post-excerpt\">Il progetto \u00e8 realizzato insieme alla pittrice, fotografa e art designer Mariia Belova che interpreta il progetto trasportandolo ad olio su tela attraverso un\u2019interpretazione artistica del progetto stesso. La data \u00e8 il 5 Aprile 2024 e l\u2019inaugurazione si terr\u00e0 alle\u2026 <a class=\"wp-block-latest-posts__read-more\" href=\"https:\/\/andreatomicich.com\/index.php\/2024\/03\/19\/alchimia-dabisso-la-locandina\/\" rel=\"noopener noreferrer\">Read more<span class=\"screen-reader-text\">: Alchimia d&#8217;Abisso &#8211; La locandina<\/span><\/a><\/div><\/li>\n<li><div class=\"wp-block-latest-posts__featured-image aligncenter\"><a href=\"https:\/\/andreatomicich.com\/index.php\/2024\/03\/05\/alchimia-dabisso-la-data-5-aprile-2024\/\" aria-label=\"Alchimia d&#8217;Abisso &#8211; La data: 5 Aprile 2024\"><img loading=\"lazy\" decoding=\"async\" width=\"300\" height=\"225\" src=\"https:\/\/andreatomicich.com\/wp-content\/uploads\/2024\/03\/Alchimia1-300x225.webp\" class=\"attachment-medium size-medium wp-post-image\" alt=\"\" style=\"\" srcset=\"https:\/\/andreatomicich.com\/wp-content\/uploads\/2024\/03\/Alchimia1-300x225.webp 300w, https:\/\/andreatomicich.com\/wp-content\/uploads\/2024\/03\/Alchimia1-768x576.webp 768w, https:\/\/andreatomicich.com\/wp-content\/uploads\/2024\/03\/Alchimia1.webp 1000w\" sizes=\"auto, (max-width: 300px) 100vw, 300px\" \/><\/a><\/div><a class=\"wp-block-latest-posts__post-title\" href=\"https:\/\/andreatomicich.com\/index.php\/2024\/03\/05\/alchimia-dabisso-la-data-5-aprile-2024\/\">Alchimia d&#8217;Abisso &#8211; La data: 5 Aprile 2024<\/a><time datetime=\"2024-03-05T08:31:23+00:00\" class=\"wp-block-latest-posts__post-date\">March 5, 2024<\/time><div class=\"wp-block-latest-posts__post-excerpt\">\u00c8 finalmente arrivato il momento della conferma definitiva della data della mostra Alchimia d&#8217;Abisso. Il progetto \u00e8 realizzato insieme alla pittrice, fotografa e art designer Mariia Belova che interpreta il progetto trasportandolo ad olio su tela attraverso un&#8217;interpretazione artistica del\u2026 <a class=\"wp-block-latest-posts__read-more\" href=\"https:\/\/andreatomicich.com\/index.php\/2024\/03\/05\/alchimia-dabisso-la-data-5-aprile-2024\/\" rel=\"noopener noreferrer\">Read more<span class=\"screen-reader-text\">: Alchimia d&#8217;Abisso &#8211; La data: 5 Aprile 2024<\/span><\/a><\/div><\/li>\n<li><div class=\"wp-block-latest-posts__featured-image aligncenter\"><a href=\"https:\/\/andreatomicich.com\/index.php\/2024\/02\/13\/alchimia-dabisso-continua\/\" aria-label=\"Alchimia d&#8217;Abisso (continua)\"><img loading=\"lazy\" decoding=\"async\" width=\"300\" height=\"225\" src=\"https:\/\/andreatomicich.com\/wp-content\/uploads\/2024\/02\/Untitled-300x225.webp\" class=\"attachment-medium size-medium wp-post-image\" alt=\"\" style=\"\" srcset=\"https:\/\/andreatomicich.com\/wp-content\/uploads\/2024\/02\/Untitled-300x225.webp 300w, https:\/\/andreatomicich.com\/wp-content\/uploads\/2024\/02\/Untitled-1024x768.webp 1024w, https:\/\/andreatomicich.com\/wp-content\/uploads\/2024\/02\/Untitled-768x576.webp 768w, https:\/\/andreatomicich.com\/wp-content\/uploads\/2024\/02\/Untitled-1536x1152.webp 1536w, https:\/\/andreatomicich.com\/wp-content\/uploads\/2024\/02\/Untitled-2048x1536.webp 2048w\" sizes=\"auto, (max-width: 300px) 100vw, 300px\" \/><\/a><\/div><a class=\"wp-block-latest-posts__post-title\" href=\"https:\/\/andreatomicich.com\/index.php\/2024\/02\/13\/alchimia-dabisso-continua\/\">Alchimia d&#8217;Abisso (continua)<\/a><time datetime=\"2024-02-13T10:32:12+00:00\" class=\"wp-block-latest-posts__post-date\">February 13, 2024<\/time><div class=\"wp-block-latest-posts__post-excerpt\">Il progetto Alchimia d&#8217;Abisso sta finalmente prendendo forma concreta. La scorsa settimana sono state stampate le foto e successivamente abbiamo realizzato i passepartout e l&#8217;incorniciamento del tutto portando a termine la parte fotografica del progetto. Tutte le foto sono state\u2026 <a class=\"wp-block-latest-posts__read-more\" href=\"https:\/\/andreatomicich.com\/index.php\/2024\/02\/13\/alchimia-dabisso-continua\/\" rel=\"noopener noreferrer\">Read more<span class=\"screen-reader-text\">: Alchimia d&#8217;Abisso (continua)<\/span><\/a><\/div><\/li>\n<li><div class=\"wp-block-latest-posts__featured-image aligncenter\"><a href=\"https:\/\/andreatomicich.com\/index.php\/2024\/02\/06\/alchimia-dabisso\/\" aria-label=\"Alchimia d&#8217;Abisso\"><img loading=\"lazy\" decoding=\"async\" width=\"300\" height=\"238\" src=\"https:\/\/andreatomicich.com\/wp-content\/uploads\/2024\/02\/alchimiadabisso-300x238.webp\" class=\"attachment-medium size-medium wp-post-image\" alt=\"\" style=\"\" srcset=\"https:\/\/andreatomicich.com\/wp-content\/uploads\/2024\/02\/alchimiadabisso-300x238.webp 300w, https:\/\/andreatomicich.com\/wp-content\/uploads\/2024\/02\/alchimiadabisso-1024x813.webp 1024w, https:\/\/andreatomicich.com\/wp-content\/uploads\/2024\/02\/alchimiadabisso-768x610.webp 768w, https:\/\/andreatomicich.com\/wp-content\/uploads\/2024\/02\/alchimiadabisso.webp 1105w\" sizes=\"auto, (max-width: 300px) 100vw, 300px\" \/><\/a><\/div><a class=\"wp-block-latest-posts__post-title\" href=\"https:\/\/andreatomicich.com\/index.php\/2024\/02\/06\/alchimia-dabisso\/\">Alchimia d&#8217;Abisso<\/a><time datetime=\"2024-02-06T16:08:10+00:00\" class=\"wp-block-latest-posts__post-date\">February 6, 2024<\/time><div class=\"wp-block-latest-posts__post-excerpt\">In questo periodo di calma, sono riuscito a rimettere mano ad un progetto che risale a quasi 10 anni fa, riprendendolo e reinterpretandolo in maniera definitiva. In collaborazione con la pittrice Mariia Belova, il progetto prevede una parte realizzata con\u2026 <a class=\"wp-block-latest-posts__read-more\" href=\"https:\/\/andreatomicich.com\/index.php\/2024\/02\/06\/alchimia-dabisso\/\" rel=\"noopener noreferrer\">Read more<span class=\"screen-reader-text\">: Alchimia d&#8217;Abisso<\/span><\/a><\/div><\/li>\n<li><div class=\"wp-block-latest-posts__featured-image aligncenter\"><a href=\"https:\/\/andreatomicich.com\/index.php\/2024\/01\/30\/venezia-2024\/\" aria-label=\"Venezia 2024\"><img loading=\"lazy\" decoding=\"async\" width=\"300\" height=\"139\" src=\"https:\/\/andreatomicich.com\/wp-content\/uploads\/2024\/02\/IMG_20230602_113515-300x139.webp\" class=\"attachment-medium size-medium wp-post-image\" alt=\"\" style=\"\" srcset=\"https:\/\/andreatomicich.com\/wp-content\/uploads\/2024\/02\/IMG_20230602_113515-300x139.webp 300w, https:\/\/andreatomicich.com\/wp-content\/uploads\/2024\/02\/IMG_20230602_113515-1024x473.webp 1024w, https:\/\/andreatomicich.com\/wp-content\/uploads\/2024\/02\/IMG_20230602_113515-768x355.webp 768w, https:\/\/andreatomicich.com\/wp-content\/uploads\/2024\/02\/IMG_20230602_113515-1536x710.webp 1536w, https:\/\/andreatomicich.com\/wp-content\/uploads\/2024\/02\/IMG_20230602_113515-2048x946.webp 2048w\" sizes=\"auto, (max-width: 300px) 100vw, 300px\" \/><\/a><\/div><a class=\"wp-block-latest-posts__post-title\" href=\"https:\/\/andreatomicich.com\/index.php\/2024\/01\/30\/venezia-2024\/\">Venezia 2024<\/a><time datetime=\"2024-01-30T15:50:18+00:00\" class=\"wp-block-latest-posts__post-date\">January 30, 2024<\/time><div class=\"wp-block-latest-posts__post-excerpt\">Dopo un periodo di riposo, passato comunque a lavorare e preparare i nuovi progetti, ecco che la mostra &#8220;what your eyes see not&#8221; sbarca a Venezia. Il progetto \u00e8 stato infatti selezionato per essere esposto in galleria, in concomitanza della\u2026 <a class=\"wp-block-latest-posts__read-more\" href=\"https:\/\/andreatomicich.com\/index.php\/2024\/01\/30\/venezia-2024\/\" rel=\"noopener noreferrer\">Read more<span class=\"screen-reader-text\">: Venezia 2024<\/span><\/a><\/div><\/li>\n<li><div class=\"wp-block-latest-posts__featured-image aligncenter\"><a href=\"https:\/\/andreatomicich.com\/index.php\/2023\/09\/04\/bottega-500-inizio\/\" aria-label=\"Bottega &#8216;500 &#8211; Inizio Evento\"><img loading=\"lazy\" decoding=\"async\" width=\"300\" height=\"179\" src=\"https:\/\/andreatomicich.com\/wp-content\/uploads\/2023\/09\/3-300x179.png\" class=\"attachment-medium size-medium wp-post-image\" alt=\"\" style=\"\" srcset=\"https:\/\/andreatomicich.com\/wp-content\/uploads\/2023\/09\/3-300x179.png 300w, https:\/\/andreatomicich.com\/wp-content\/uploads\/2023\/09\/3-1024x610.png 1024w, https:\/\/andreatomicich.com\/wp-content\/uploads\/2023\/09\/3-768x457.png 768w, https:\/\/andreatomicich.com\/wp-content\/uploads\/2023\/09\/3-1536x915.png 1536w, https:\/\/andreatomicich.com\/wp-content\/uploads\/2023\/09\/3.png 1661w\" sizes=\"auto, (max-width: 300px) 100vw, 300px\" \/><\/a><\/div><a class=\"wp-block-latest-posts__post-title\" href=\"https:\/\/andreatomicich.com\/index.php\/2023\/09\/04\/bottega-500-inizio\/\">Bottega &#8216;500 &#8211; Inizio Evento<\/a><time datetime=\"2023-09-04T15:29:08+00:00\" class=\"wp-block-latest-posts__post-date\">September 4, 2023<\/time><div class=\"wp-block-latest-posts__post-excerpt\">New York: Bottega &#8216;500 presenta il catalogo definitivo \u00c8 stato presentato ufficialmente il catalogo di &#8220;Bottega \u00b4500&#8221; con tutti i contenuti degli artisti che saranno presenti alla mostra di New York. Ecco un estratto del catalogo con le mie opere:<\/div><\/li>\n<li><div class=\"wp-block-latest-posts__featured-image aligncenter\"><a href=\"https:\/\/andreatomicich.com\/index.php\/2023\/08\/10\/bottega_500\/\" aria-label=\"Bottega &#8216;500\"><img loading=\"lazy\" decoding=\"async\" width=\"300\" height=\"212\" src=\"https:\/\/andreatomicich.com\/wp-content\/uploads\/2023\/08\/VernissageNY-300x212.jpeg\" class=\"attachment-medium size-medium wp-post-image\" alt=\"\" style=\"\" srcset=\"https:\/\/andreatomicich.com\/wp-content\/uploads\/2023\/08\/VernissageNY-300x212.jpeg 300w, https:\/\/andreatomicich.com\/wp-content\/uploads\/2023\/08\/VernissageNY-1024x723.jpeg 1024w, https:\/\/andreatomicich.com\/wp-content\/uploads\/2023\/08\/VernissageNY-768x542.jpeg 768w, https:\/\/andreatomicich.com\/wp-content\/uploads\/2023\/08\/VernissageNY-1536x1085.jpeg 1536w, https:\/\/andreatomicich.com\/wp-content\/uploads\/2023\/08\/VernissageNY.jpeg 1600w\" sizes=\"auto, (max-width: 300px) 100vw, 300px\" \/><\/a><\/div><a class=\"wp-block-latest-posts__post-title\" href=\"https:\/\/andreatomicich.com\/index.php\/2023\/08\/10\/bottega_500\/\">Bottega &#8216;500<\/a><time datetime=\"2023-08-10T15:25:47+00:00\" class=\"wp-block-latest-posts__post-date\">August 10, 2023<\/time><div class=\"wp-block-latest-posts__post-excerpt\">New York: L&#8217;evento si avvicina velocemente Si avvicina sempre pi\u00f9 velocemente la mostra che si terr\u00e0 a New York City dove verranno esposte le fotografie del progetto &#8220;what you see not&#8221;. Manca meno di un mese ma l&#8217;emozione sale dato\u2026 <a class=\"wp-block-latest-posts__read-more\" href=\"https:\/\/andreatomicich.com\/index.php\/2023\/08\/10\/bottega_500\/\" rel=\"noopener noreferrer\">Read more<span class=\"screen-reader-text\">: Bottega &#8216;500<\/span><\/a><\/div><\/li>\n<li><div class=\"wp-block-latest-posts__featured-image aligncenter\"><a href=\"https:\/\/andreatomicich.com\/index.php\/2023\/07\/05\/interviste-creative-twitch-astrofotografia\/\" aria-label=\"Interviste creative Twitch &#8211; Astrofotografia\"><img loading=\"lazy\" decoding=\"async\" width=\"300\" height=\"177\" src=\"https:\/\/andreatomicich.com\/wp-content\/uploads\/2023\/07\/Screenshot_20230705_204339-300x177.png\" class=\"attachment-medium size-medium wp-post-image\" alt=\"\" style=\"\" srcset=\"https:\/\/andreatomicich.com\/wp-content\/uploads\/2023\/07\/Screenshot_20230705_204339-300x177.png 300w, https:\/\/andreatomicich.com\/wp-content\/uploads\/2023\/07\/Screenshot_20230705_204339-1024x604.png 1024w, https:\/\/andreatomicich.com\/wp-content\/uploads\/2023\/07\/Screenshot_20230705_204339-768x453.png 768w, https:\/\/andreatomicich.com\/wp-content\/uploads\/2023\/07\/Screenshot_20230705_204339.png 1279w\" sizes=\"auto, (max-width: 300px) 100vw, 300px\" \/><\/a><\/div><a class=\"wp-block-latest-posts__post-title\" href=\"https:\/\/andreatomicich.com\/index.php\/2023\/07\/05\/interviste-creative-twitch-astrofotografia\/\">Interviste creative Twitch &#8211; Astrofotografia<\/a><time datetime=\"2023-07-05T18:49:38+00:00\" class=\"wp-block-latest-posts__post-date\">July 5, 2023<\/time><div class=\"wp-block-latest-posts__post-excerpt\">Ecco la registrazione dell&#8217;evento fatto con Demis Albertacci Photostudio all&#8217;interno delle Interviste Creative, \u00c8 stata una serata molto interessante e molto ricca di domande e osservazioni. L&#8217;interesse che ha suscitato tra i partecipanti all&#8217;incontro \u00e8 stato veramente molto alto tanto\u2026 <a class=\"wp-block-latest-posts__read-more\" href=\"https:\/\/andreatomicich.com\/index.php\/2023\/07\/05\/interviste-creative-twitch-astrofotografia\/\" rel=\"noopener noreferrer\">Read more<span class=\"screen-reader-text\">: Interviste creative Twitch &#8211; Astrofotografia<\/span><\/a><\/div><\/li>\n<li><div class=\"wp-block-latest-posts__featured-image aligncenter\"><a href=\"https:\/\/andreatomicich.com\/index.php\/2023\/07\/02\/interviste-creative-twitch\/\" aria-label=\"Interviste Creative &#8211; Twitch\"><img loading=\"lazy\" decoding=\"async\" width=\"300\" height=\"144\" src=\"https:\/\/andreatomicich.com\/wp-content\/uploads\/2023\/07\/IntervisteCreative0307-300x144.png\" class=\"attachment-medium size-medium wp-post-image\" alt=\"\" style=\"\" srcset=\"https:\/\/andreatomicich.com\/wp-content\/uploads\/2023\/07\/IntervisteCreative0307-300x144.png 300w, https:\/\/andreatomicich.com\/wp-content\/uploads\/2023\/07\/IntervisteCreative0307-768x370.png 768w, https:\/\/andreatomicich.com\/wp-content\/uploads\/2023\/07\/IntervisteCreative0307.png 918w\" sizes=\"auto, (max-width: 300px) 100vw, 300px\" \/><\/a><\/div><a class=\"wp-block-latest-posts__post-title\" href=\"https:\/\/andreatomicich.com\/index.php\/2023\/07\/02\/interviste-creative-twitch\/\">Interviste Creative &#8211; Twitch<\/a><time datetime=\"2023-07-02T19:19:26+00:00\" class=\"wp-block-latest-posts__post-date\">July 2, 2023<\/time><div class=\"wp-block-latest-posts__post-excerpt\">Luned\u00ec 3 luglio, alle ore 21 sar\u00f2 presente sul canale di Percorsi Creativi, all&#8217;interno della rubrica Interviste creative. Il canale, fondato da Demis Albertacci \u00e8 un punto di incontro per parlare di fotografia, libri, cinema, videogiochi, musica e altro ancora.\u2026 <a class=\"wp-block-latest-posts__read-more\" href=\"https:\/\/andreatomicich.com\/index.php\/2023\/07\/02\/interviste-creative-twitch\/\" rel=\"noopener noreferrer\">Read more<span class=\"screen-reader-text\">: Interviste Creative &#8211; Twitch<\/span><\/a><\/div><\/li>\n<li><div class=\"wp-block-latest-posts__featured-image aligncenter\"><a href=\"https:\/\/andreatomicich.com\/index.php\/2023\/06\/08\/le-opere-per-gli-usa-sono-pronte\/\" aria-label=\"Le opere per gli USA sono pronte!\"><img loading=\"lazy\" decoding=\"async\" width=\"300\" height=\"139\" src=\"https:\/\/andreatomicich.com\/wp-content\/uploads\/2023\/06\/IMG_20230602_113501-300x139.jpg\" class=\"attachment-medium size-medium wp-post-image\" alt=\"\" style=\"\" srcset=\"https:\/\/andreatomicich.com\/wp-content\/uploads\/2023\/06\/IMG_20230602_113501-300x139.jpg 300w, https:\/\/andreatomicich.com\/wp-content\/uploads\/2023\/06\/IMG_20230602_113501-1024x473.jpg 1024w, https:\/\/andreatomicich.com\/wp-content\/uploads\/2023\/06\/IMG_20230602_113501-768x355.jpg 768w, https:\/\/andreatomicich.com\/wp-content\/uploads\/2023\/06\/IMG_20230602_113501-1536x710.jpg 1536w, https:\/\/andreatomicich.com\/wp-content\/uploads\/2023\/06\/IMG_20230602_113501-2048x946.jpg 2048w\" sizes=\"auto, (max-width: 300px) 100vw, 300px\" \/><\/a><\/div><a class=\"wp-block-latest-posts__post-title\" href=\"https:\/\/andreatomicich.com\/index.php\/2023\/06\/08\/le-opere-per-gli-usa-sono-pronte\/\">Le opere per gli USA sono pronte!<\/a><time datetime=\"2023-06-08T10:39:56+00:00\" class=\"wp-block-latest-posts__post-date\">June 8, 2023<\/time><div class=\"wp-block-latest-posts__post-excerpt\">\u00c8 finalmente terminata la preparazione delle stampe pre la mostra fotografica che si terr\u00e0 a settembre negli Stati Uniti. La mostra &#8220;What you see not&#8221; attraverser\u00e0 l&#8217;oceano per arrivare in una destinazione molto importante: il quartiere TRIBECA di Manhattan. Le\u2026 <a class=\"wp-block-latest-posts__read-more\" href=\"https:\/\/andreatomicich.com\/index.php\/2023\/06\/08\/le-opere-per-gli-usa-sono-pronte\/\" rel=\"noopener noreferrer\">Read more<span class=\"screen-reader-text\">: Le opere per gli USA sono pronte!<\/span><\/a><\/div><\/li>\n<li><div class=\"wp-block-latest-posts__featured-image aligncenter\"><a href=\"https:\/\/andreatomicich.com\/index.php\/2023\/05\/17\/interviste-creative-video\/\" aria-label=\"Interviste Creative &#8211; Video\"><img loading=\"lazy\" decoding=\"async\" width=\"300\" height=\"152\" src=\"https:\/\/andreatomicich.com\/wp-content\/uploads\/2023\/05\/Interviste-Creative-300x152.png\" class=\"attachment-medium size-medium wp-post-image\" alt=\"\" style=\"\" srcset=\"https:\/\/andreatomicich.com\/wp-content\/uploads\/2023\/05\/Interviste-Creative-300x152.png 300w, https:\/\/andreatomicich.com\/wp-content\/uploads\/2023\/05\/Interviste-Creative-768x389.png 768w, https:\/\/andreatomicich.com\/wp-content\/uploads\/2023\/05\/Interviste-Creative.png 935w\" sizes=\"auto, (max-width: 300px) 100vw, 300px\" \/><\/a><\/div><a class=\"wp-block-latest-posts__post-title\" href=\"https:\/\/andreatomicich.com\/index.php\/2023\/05\/17\/interviste-creative-video\/\">Interviste Creative &#8211; Video<\/a><time datetime=\"2023-05-17T09:35:14+00:00\" class=\"wp-block-latest-posts__post-date\">May 17, 2023<\/time><div class=\"wp-block-latest-posts__post-excerpt\">Ecco qui l&#8217;appuntamento con le Interviste Creative di Demis Albertacci. E stata una bellissima esperienza e molto molto interessante. Le domande sono state molte e purtroppo non avuto il tempo per rispondere in maniera esaustiva a tutti. Spero di poterlo\u2026 <a class=\"wp-block-latest-posts__read-more\" href=\"https:\/\/andreatomicich.com\/index.php\/2023\/05\/17\/interviste-creative-video\/\" rel=\"noopener noreferrer\">Read more<span class=\"screen-reader-text\">: Interviste Creative &#8211; Video<\/span><\/a><\/div><\/li>\n<li><div class=\"wp-block-latest-posts__featured-image aligncenter\"><a href=\"https:\/\/andreatomicich.com\/index.php\/2023\/05\/09\/interviste-creative-twitch-di-percorsi-creativi-di-demis-albertacci\/\" aria-label=\"Interviste Creative &#8211; Twitch di Percorsi Creativi di Demis Albertacci\"><img loading=\"lazy\" decoding=\"async\" width=\"300\" height=\"152\" src=\"https:\/\/andreatomicich.com\/wp-content\/uploads\/2023\/05\/Interviste-Creative-300x152.png\" class=\"attachment-medium size-medium wp-post-image\" alt=\"\" style=\"\" srcset=\"https:\/\/andreatomicich.com\/wp-content\/uploads\/2023\/05\/Interviste-Creative-300x152.png 300w, https:\/\/andreatomicich.com\/wp-content\/uploads\/2023\/05\/Interviste-Creative-768x389.png 768w, https:\/\/andreatomicich.com\/wp-content\/uploads\/2023\/05\/Interviste-Creative.png 935w\" sizes=\"auto, (max-width: 300px) 100vw, 300px\" \/><\/a><\/div><a class=\"wp-block-latest-posts__post-title\" href=\"https:\/\/andreatomicich.com\/index.php\/2023\/05\/09\/interviste-creative-twitch-di-percorsi-creativi-di-demis-albertacci\/\">Interviste Creative &#8211; Twitch di Percorsi Creativi di Demis Albertacci<\/a><time datetime=\"2023-05-09T11:31:48+00:00\" class=\"wp-block-latest-posts__post-date\">May 9, 2023<\/time><div class=\"wp-block-latest-posts__post-excerpt\">Luned\u00ec 15 Maggio, alle ore 21 sar\u00f2 presente su Twitch invitato dal canale Percorsi Creativi di Demis Albertacci. Il canale, fondato da Demis, \u00e8 un punto d&#8217;incontro per parlare di fotografia, libri, cinema, musica ed altro ancora. In questa serata\u2026 <a class=\"wp-block-latest-posts__read-more\" href=\"https:\/\/andreatomicich.com\/index.php\/2023\/05\/09\/interviste-creative-twitch-di-percorsi-creativi-di-demis-albertacci\/\" rel=\"noopener noreferrer\">Read more<span class=\"screen-reader-text\">: Interviste Creative &#8211; Twitch di Percorsi Creativi di Demis Albertacci<\/span><\/a><\/div><\/li>\n<li><div class=\"wp-block-latest-posts__featured-image aligncenter\"><a href=\"https:\/\/andreatomicich.com\/index.php\/2023\/04\/13\/conclusione-mostra-comunale\/\" aria-label=\"Conclusione Mostra Comunale\"><img loading=\"lazy\" decoding=\"async\" width=\"300\" height=\"139\" src=\"https:\/\/andreatomicich.com\/wp-content\/uploads\/2023\/04\/IMG_20230401_125615-300x139.jpg\" class=\"attachment-medium size-medium wp-post-image\" alt=\"\" style=\"\" srcset=\"https:\/\/andreatomicich.com\/wp-content\/uploads\/2023\/04\/IMG_20230401_125615-300x139.jpg 300w, https:\/\/andreatomicich.com\/wp-content\/uploads\/2023\/04\/IMG_20230401_125615-1024x473.jpg 1024w, https:\/\/andreatomicich.com\/wp-content\/uploads\/2023\/04\/IMG_20230401_125615-768x355.jpg 768w, https:\/\/andreatomicich.com\/wp-content\/uploads\/2023\/04\/IMG_20230401_125615-1536x710.jpg 1536w, https:\/\/andreatomicich.com\/wp-content\/uploads\/2023\/04\/IMG_20230401_125615-2048x946.jpg 2048w\" sizes=\"auto, (max-width: 300px) 100vw, 300px\" \/><\/a><\/div><a class=\"wp-block-latest-posts__post-title\" href=\"https:\/\/andreatomicich.com\/index.php\/2023\/04\/13\/conclusione-mostra-comunale\/\">Conclusione Mostra Comunale<\/a><time datetime=\"2023-04-13T11:37:23+00:00\" class=\"wp-block-latest-posts__post-date\">April 13, 2023<\/time><div class=\"wp-block-latest-posts__post-excerpt\">Si \u00e8 conclusa ieri, il 12 Aprile 2023 la mostra &#8220;What your eyes can see not&#8221; presso la Sala comunale d&#8217;Arte del comune di Trieste in Piazza Unit\u00e0 4. Sono state giornate molto intense, piene di incontri e di bellissimi\u2026 <a class=\"wp-block-latest-posts__read-more\" href=\"https:\/\/andreatomicich.com\/index.php\/2023\/04\/13\/conclusione-mostra-comunale\/\" rel=\"noopener noreferrer\">Read more<span class=\"screen-reader-text\">: Conclusione Mostra Comunale<\/span><\/a><\/div><\/li>\n<li><div class=\"wp-block-latest-posts__featured-image aligncenter\"><a href=\"https:\/\/andreatomicich.com\/index.php\/2023\/03\/22\/innaugurazione-comune-day-0\/\" aria-label=\"Innaugurazione Comune &#8211; Day 0\"><img loading=\"lazy\" decoding=\"async\" width=\"300\" height=\"199\" src=\"https:\/\/andreatomicich.com\/wp-content\/uploads\/2023\/07\/IMG_2901-300x199.jpg\" class=\"attachment-medium size-medium wp-post-image\" alt=\"\" style=\"\" srcset=\"https:\/\/andreatomicich.com\/wp-content\/uploads\/2023\/07\/IMG_2901-300x199.jpg 300w, https:\/\/andreatomicich.com\/wp-content\/uploads\/2023\/07\/IMG_2901.jpg 640w\" sizes=\"auto, (max-width: 300px) 100vw, 300px\" \/><\/a><\/div><a class=\"wp-block-latest-posts__post-title\" href=\"https:\/\/andreatomicich.com\/index.php\/2023\/03\/22\/innaugurazione-comune-day-0\/\">Innaugurazione Comune &#8211; Day 0<\/a><time datetime=\"2023-03-22T19:27:00+00:00\" class=\"wp-block-latest-posts__post-date\">March 22, 2023<\/time><div class=\"wp-block-latest-posts__post-excerpt\">L&#8217;innaugurazione della mostra &#8220;What your eyes can see not&#8221; \u00e8 finalmente stata fatta. Sono molto felice, \u00e8 stato un momento di vera gioia vedere cos\u00ec tante persone tutte insieme per vedere la mostra. Solo nella serata dell&#8217;innaugurazione ci sono state\u2026 <a class=\"wp-block-latest-posts__read-more\" href=\"https:\/\/andreatomicich.com\/index.php\/2023\/03\/22\/innaugurazione-comune-day-0\/\" rel=\"noopener noreferrer\">Read more<span class=\"screen-reader-text\">: Innaugurazione Comune &#8211; Day 0<\/span><\/a><\/div><\/li>\n<li><div class=\"wp-block-latest-posts__featured-image aligncenter\"><a href=\"https:\/\/andreatomicich.com\/index.php\/2023\/03\/21\/innaugurazione-mostra-comunale\/\" aria-label=\"Innaugurazione Mostra Comunale\"><img loading=\"lazy\" decoding=\"async\" width=\"300\" height=\"217\" src=\"https:\/\/andreatomicich.com\/wp-content\/uploads\/2023\/04\/IMG_20230401_130331-300x217.jpg\" class=\"attachment-medium size-medium wp-post-image\" alt=\"\" style=\"\" srcset=\"https:\/\/andreatomicich.com\/wp-content\/uploads\/2023\/04\/IMG_20230401_130331-300x217.jpg 300w, https:\/\/andreatomicich.com\/wp-content\/uploads\/2023\/04\/IMG_20230401_130331-1024x739.jpg 1024w, https:\/\/andreatomicich.com\/wp-content\/uploads\/2023\/04\/IMG_20230401_130331-768x555.jpg 768w, https:\/\/andreatomicich.com\/wp-content\/uploads\/2023\/04\/IMG_20230401_130331-1536x1109.jpg 1536w, https:\/\/andreatomicich.com\/wp-content\/uploads\/2023\/04\/IMG_20230401_130331-2048x1479.jpg 2048w\" sizes=\"auto, (max-width: 300px) 100vw, 300px\" \/><\/a><\/div><a class=\"wp-block-latest-posts__post-title\" href=\"https:\/\/andreatomicich.com\/index.php\/2023\/03\/21\/innaugurazione-mostra-comunale\/\">Innaugurazione Mostra Comunale<\/a><time datetime=\"2023-03-21T11:54:26+00:00\" class=\"wp-block-latest-posts__post-date\">March 21, 2023<\/time><div class=\"wp-block-latest-posts__post-excerpt\">\u00c8 con grande entusiamo e gioia che domani 22 Marzo 2023 inaugurer\u00f2 la mostra &#8220;What your eyes can see not&#8221; presso la Sala Comunale d&#8217;Arte di Trieste.L&#8217;inaugurazione sar\u00e0 fatta alle ore 19.00 e sar\u00e0 fatta una introduzione da parte di\u2026 <a class=\"wp-block-latest-posts__read-more\" href=\"https:\/\/andreatomicich.com\/index.php\/2023\/03\/21\/innaugurazione-mostra-comunale\/\" rel=\"noopener noreferrer\">Read more<span class=\"screen-reader-text\">: Innaugurazione Mostra Comunale<\/span><\/a><\/div><\/li>\n<li><div class=\"wp-block-latest-posts__featured-image aligncenter\"><a href=\"https:\/\/andreatomicich.com\/index.php\/2023\/03\/15\/artevisione-programma\/\" aria-label=\"Arte Visione &#8211; In Onda\"><img loading=\"lazy\" decoding=\"async\" width=\"300\" height=\"167\" src=\"https:\/\/andreatomicich.com\/wp-content\/uploads\/2023\/05\/Artevisione1-300x167.jpg\" class=\"attachment-medium size-medium wp-post-image\" alt=\"\" style=\"\" srcset=\"https:\/\/andreatomicich.com\/wp-content\/uploads\/2023\/05\/Artevisione1-300x167.jpg 300w, https:\/\/andreatomicich.com\/wp-content\/uploads\/2023\/05\/Artevisione1-768x428.jpg 768w, https:\/\/andreatomicich.com\/wp-content\/uploads\/2023\/05\/Artevisione1.jpg 800w\" sizes=\"auto, (max-width: 300px) 100vw, 300px\" \/><\/a><\/div><a class=\"wp-block-latest-posts__post-title\" href=\"https:\/\/andreatomicich.com\/index.php\/2023\/03\/15\/artevisione-programma\/\">Arte Visione &#8211; In Onda<\/a><time datetime=\"2023-03-15T10:27:27+00:00\" class=\"wp-block-latest-posts__post-date\">March 15, 2023<\/time><div class=\"wp-block-latest-posts__post-excerpt\">\u00c8 stata una esperienza fantastica quella di andare in televisione e TeleCapodistria \u00e8 stata veramente fantastica. Grazie ancora per la grandissima emozione!!! Puoi vedere la registrazione del programma a questo link<\/div><\/li>\n<li><div class=\"wp-block-latest-posts__featured-image aligncenter\"><a href=\"https:\/\/andreatomicich.com\/index.php\/2023\/03\/08\/arte-visione-tv-kp\/\" aria-label=\"Arte Visione &#8211; TV Kp\"><img loading=\"lazy\" decoding=\"async\" width=\"300\" height=\"173\" src=\"https:\/\/andreatomicich.com\/wp-content\/uploads\/2023\/05\/Artevisione-300x173.jpg\" class=\"attachment-medium size-medium wp-post-image\" alt=\"\" style=\"\" srcset=\"https:\/\/andreatomicich.com\/wp-content\/uploads\/2023\/05\/Artevisione-300x173.jpg 300w, https:\/\/andreatomicich.com\/wp-content\/uploads\/2023\/05\/Artevisione.jpg 679w\" sizes=\"auto, (max-width: 300px) 100vw, 300px\" \/><\/a><\/div><a class=\"wp-block-latest-posts__post-title\" href=\"https:\/\/andreatomicich.com\/index.php\/2023\/03\/08\/arte-visione-tv-kp\/\">Arte Visione &#8211; TV Kp<\/a><time datetime=\"2023-03-08T10:21:57+00:00\" class=\"wp-block-latest-posts__post-date\">March 8, 2023<\/time><div class=\"wp-block-latest-posts__post-excerpt\">Luned\u00ec 13 Marzo alle 20.30 sar\u00f2 in onda su TeleCapodistria (www.tvcapodistria.si) all&#8217;interno del programma Arte Visione. Sono stato invitato dal programma per presentare la mia fotografia ad infrarosso ed in particolare quella che riguarda la mostra che a partire dal\u2026 <a class=\"wp-block-latest-posts__read-more\" href=\"https:\/\/andreatomicich.com\/index.php\/2023\/03\/08\/arte-visione-tv-kp\/\" rel=\"noopener noreferrer\">Read more<span class=\"screen-reader-text\">: Arte Visione &#8211; TV Kp<\/span><\/a><\/div><\/li>\n<li><div class=\"wp-block-latest-posts__featured-image aligncenter\"><a href=\"https:\/\/andreatomicich.com\/index.php\/2022\/09\/29\/seminario-infrarosso-tivarnella\/\" aria-label=\"Seminario Infrarosso &#8211; Tivarnella\"><img loading=\"lazy\" decoding=\"async\" width=\"300\" height=\"225\" src=\"https:\/\/andreatomicich.com\/wp-content\/uploads\/2023\/07\/IMG_20221005_182719-300x225.jpg\" class=\"attachment-medium size-medium wp-post-image\" alt=\"\" style=\"\" srcset=\"https:\/\/andreatomicich.com\/wp-content\/uploads\/2023\/07\/IMG_20221005_182719-300x225.jpg 300w, https:\/\/andreatomicich.com\/wp-content\/uploads\/2023\/07\/IMG_20221005_182719.jpg 640w\" sizes=\"auto, (max-width: 300px) 100vw, 300px\" \/><\/a><\/div><a class=\"wp-block-latest-posts__post-title\" href=\"https:\/\/andreatomicich.com\/index.php\/2022\/09\/29\/seminario-infrarosso-tivarnella\/\">Seminario Infrarosso &#8211; Tivarnella<\/a><time datetime=\"2022-09-29T19:48:00+00:00\" class=\"wp-block-latest-posts__post-date\">September 29, 2022<\/time><div class=\"wp-block-latest-posts__post-excerpt\">Visto il grande successo della mostra tenuta alla galleria d&#8217;arte Tivarnella, in molti hanno fatto la richiesta di capire un po di pi\u00f9 in cosa consiste la fotografia ad infrarosso, come si realizza e quali difficolt\u00e0 si incontrano per realizzare\u2026 <a class=\"wp-block-latest-posts__read-more\" href=\"https:\/\/andreatomicich.com\/index.php\/2022\/09\/29\/seminario-infrarosso-tivarnella\/\" rel=\"noopener noreferrer\">Read more<span class=\"screen-reader-text\">: Seminario Infrarosso &#8211; Tivarnella<\/span><\/a><\/div><\/li>\n<li><div class=\"wp-block-latest-posts__featured-image aligncenter\"><a href=\"https:\/\/andreatomicich.com\/index.php\/2022\/09\/17\/innaugurazione-tivarnella-day-0\/\" aria-label=\"Innaugurazione Tivarnella &#8211; Day 0\"><img loading=\"lazy\" decoding=\"async\" width=\"300\" height=\"225\" src=\"https:\/\/andreatomicich.com\/wp-content\/uploads\/2023\/07\/IMG_20220916_192144-300x225.jpg\" class=\"attachment-medium size-medium wp-post-image\" alt=\"\" style=\"\" srcset=\"https:\/\/andreatomicich.com\/wp-content\/uploads\/2023\/07\/IMG_20220916_192144-300x225.jpg 300w, https:\/\/andreatomicich.com\/wp-content\/uploads\/2023\/07\/IMG_20220916_192144.jpg 640w\" sizes=\"auto, (max-width: 300px) 100vw, 300px\" \/><\/a><\/div><a class=\"wp-block-latest-posts__post-title\" href=\"https:\/\/andreatomicich.com\/index.php\/2022\/09\/17\/innaugurazione-tivarnella-day-0\/\">Innaugurazione Tivarnella &#8211; Day 0<\/a><time datetime=\"2022-09-17T19:42:00+00:00\" class=\"wp-block-latest-posts__post-date\">September 17, 2022<\/time><div class=\"wp-block-latest-posts__post-excerpt\">\u00c8 stata innaugurata ieri sera presso la Galleria d&#8217;Arte Tivarnella la mostra &#8220;What your eyes see not&#8221;. Ero molto emozionato, l&#8217;afflusso di visitatori \u00e8 stato veramente alto e sono stato felice e sorpreso di aver stimolato tantissima curiosit\u00e0 tra tutti\u2026 <a class=\"wp-block-latest-posts__read-more\" href=\"https:\/\/andreatomicich.com\/index.php\/2022\/09\/17\/innaugurazione-tivarnella-day-0\/\" rel=\"noopener noreferrer\">Read more<span class=\"screen-reader-text\">: Innaugurazione Tivarnella &#8211; Day 0<\/span><\/a><\/div><\/li>\n<li><div class=\"wp-block-latest-posts__featured-image aligncenter\"><a href=\"https:\/\/andreatomicich.com\/index.php\/2022\/09\/15\/innaugurazione-tivarnella-art\/\" aria-label=\"Innaugurazione Tivarnella Art\"><img loading=\"lazy\" decoding=\"async\" width=\"300\" height=\"211\" src=\"https:\/\/andreatomicich.com\/wp-content\/uploads\/2022\/10\/Splash-300x211.jpg\" class=\"attachment-medium size-medium wp-post-image\" alt=\"\" style=\"\" srcset=\"https:\/\/andreatomicich.com\/wp-content\/uploads\/2022\/10\/Splash-300x211.jpg 300w, https:\/\/andreatomicich.com\/wp-content\/uploads\/2022\/10\/Splash-400x281.jpg 400w, https:\/\/andreatomicich.com\/wp-content\/uploads\/2022\/10\/Splash.jpg 610w\" sizes=\"auto, (max-width: 300px) 100vw, 300px\" \/><\/a><\/div><a class=\"wp-block-latest-posts__post-title\" href=\"https:\/\/andreatomicich.com\/index.php\/2022\/09\/15\/innaugurazione-tivarnella-art\/\">Innaugurazione Tivarnella Art<\/a><time datetime=\"2022-09-15T12:29:41+00:00\" class=\"wp-block-latest-posts__post-date\">September 15, 2022<\/time><div class=\"wp-block-latest-posts__post-excerpt\">Verr\u00e0 inaugurata domani, Venerd\u00ec 16 Settembre 2022 alle ore 19.00 la mostra personale &#8220;What your eyes see not&#8221; presso la Galleria d&#8217;Arte Tivarnella di Via Tivarnella 5. La mostra sar\u00e0 visitabile dal 17 Settembre al 5 Ottobre 2022 con i\u2026 <a class=\"wp-block-latest-posts__read-more\" href=\"https:\/\/andreatomicich.com\/index.php\/2022\/09\/15\/innaugurazione-tivarnella-art\/\" rel=\"noopener noreferrer\">Read more<span class=\"screen-reader-text\">: Innaugurazione Tivarnella Art<\/span><\/a><\/div><\/li>\n<\/ul>\n\n<!-- wp:themify-builder\/canvas \/-->","protected":false},"excerpt":{"rendered":"<p>Eventi e novit\u00e0 in corso Qui troverai tutte le informazioni pi\u00f9 recenti su ci\u00f2 che sta accadendo nel mio mondo &#8211; dalle ultime notizie sulle nuove iniziative e progetti in corso, ai resoconti degli eventi passati che hanno reso le mie giornate indimenticabili. Ma non \u00e8 tutto! Siamo sempre un passo avanti, e vi terremo [&hellip;]<\/p>\n","protected":false},"author":1,"featured_media":0,"parent":0,"menu_order":0,"comment_status":"closed","ping_status":"closed","template":"","meta":{"site-sidebar-layout":"default","site-content-layout":"","ast-site-content-layout":"default","site-content-style":"default","site-sidebar-style":"default","ast-global-header-display":"","ast-banner-title-visibility":"","ast-main-header-display":"","ast-hfb-above-header-display":"","ast-hfb-below-header-display":"","ast-hfb-mobile-header-display":"","site-post-title":"","ast-breadcrumbs-content":"","ast-featured-img":"","footer-sml-layout":"","ast-disable-related-posts":"","theme-transparent-header-meta":"","adv-header-id-meta":"","stick-header-meta":"","header-above-stick-meta":"","header-main-stick-meta":"","header-below-stick-meta":"","astra-migrate-meta-layouts":"set","ast-page-background-enabled":"default","ast-page-background-meta":{"desktop":{"background-color":"var(--ast-global-color-4)","background-image":"","background-repeat":"repeat","background-position":"center center","background-size":"auto","background-attachment":"scroll","background-type":"","background-media":"","overlay-type":"","overlay-color":"","overlay-opacity":"","overlay-gradient":""},"tablet":{"background-color":"","background-image":"","background-repeat":"repeat","background-position":"center center","background-size":"auto","background-attachment":"scroll","background-type":"","background-media":"","overlay-type":"","overlay-color":"","overlay-opacity":"","overlay-gradient":""},"mobile":{"background-color":"","background-image":"","background-repeat":"repeat","background-position":"center center","background-size":"auto","background-attachment":"scroll","background-type":"","background-media":"","overlay-type":"","overlay-color":"","overlay-opacity":"","overlay-gradient":""}},"ast-content-background-meta":{"desktop":{"background-color":"var(--ast-global-color-5)","background-image":"","background-repeat":"repeat","background-position":"center center","background-size":"auto","background-attachment":"scroll","background-type":"","background-media":"","overlay-type":"","overlay-color":"","overlay-opacity":"","overlay-gradient":""},"tablet":{"background-color":"var(--ast-global-color-5)","background-image":"","background-repeat":"repeat","background-position":"center center","background-size":"auto","background-attachment":"scroll","background-type":"","background-media":"","overlay-type":"","overlay-color":"","overlay-opacity":"","overlay-gradient":""},"mobile":{"background-color":"var(--ast-global-color-5)","background-image":"","background-repeat":"repeat","background-position":"center center","background-size":"auto","background-attachment":"scroll","background-type":"","background-media":"","overlay-type":"","overlay-color":"","overlay-opacity":"","overlay-gradient":""}},"footnotes":""},"class_list":["post-990","page","type-page","status-publish","hentry"],"yoast_head":"<!-- This site is optimized with the Yoast SEO plugin v27.5 - https:\/\/yoast.com\/product\/yoast-seo-wordpress\/ -->\n<title>News - Andrea Tomicich photography mailing list<\/title>\n<meta name=\"description\" content=\"Esplora il mondo attraverso gli occhi di Andrea Tomicich, fotografo professionale specializzato in fotografia artistica e infrarossa. Scopri le sue straordinarie immagini che catturano la bellezza della natura, l&#039;eleganza delle modelle e l&#039;essenza dell&#039;arte. Entra nel suo universo visivo e lasciati trasportare in un viaggio emozionante tra luce, colore e forma.\" \/>\n<meta name=\"robots\" content=\"index, follow, max-snippet:-1, max-image-preview:large, max-video-preview:-1\" \/>\n<link rel=\"canonical\" href=\"https:\/\/andreatomicich.com\/index.php\/news\/\" \/>\n<meta property=\"og:locale\" content=\"en_US\" \/>\n<meta property=\"og:type\" content=\"article\" \/>\n<meta property=\"og:title\" content=\"News - Andrea Tomicich photography mailing list\" \/>\n<meta property=\"og:description\" content=\"Esplora il mondo attraverso gli occhi di Andrea Tomicich, fotografo professionale specializzato in fotografia artistica e infrarossa. Scopri le sue straordinarie immagini che catturano la bellezza della natura, l&#039;eleganza delle modelle e l&#039;essenza dell&#039;arte. Entra nel suo universo visivo e lasciati trasportare in un viaggio emozionante tra luce, colore e forma.\" \/>\n<meta property=\"og:url\" content=\"https:\/\/andreatomicich.com\/index.php\/news\/\" \/>\n<meta property=\"og:site_name\" content=\"Andrea Tomicich photography\" \/>\n<meta property=\"article:modified_time\" content=\"2024-05-07T13:03:29+00:00\" \/>\n<meta property=\"og:image\" content=\"https:\/\/andreatomicich.com\/wp-content\/uploads\/2022\/10\/Andrea_Tomicich_02.jpg\" \/>\n\t<meta property=\"og:image:width\" content=\"1000\" \/>\n\t<meta property=\"og:image:height\" content=\"667\" \/>\n\t<meta property=\"og:image:type\" content=\"image\/jpeg\" \/>\n<meta name=\"twitter:card\" content=\"summary_large_image\" \/>\n<meta name=\"twitter:label1\" content=\"Est. reading time\" \/>\n\t<meta name=\"twitter:data1\" content=\"1 minute\" \/>\n<script type=\"application\/ld+json\" class=\"yoast-schema-graph\">{\"@context\":\"https:\\\/\\\/schema.org\",\"@graph\":[{\"@type\":\"WebPage\",\"@id\":\"https:\\\/\\\/andreatomicich.com\\\/index.php\\\/news\\\/\",\"url\":\"https:\\\/\\\/andreatomicich.com\\\/index.php\\\/news\\\/\",\"name\":\"News - Andrea Tomicich photography mailing list\",\"isPartOf\":{\"@id\":\"https:\\\/\\\/andreatomicich.com\\\/#website\"},\"datePublished\":\"2023-04-13T11:04:34+00:00\",\"dateModified\":\"2024-05-07T13:03:29+00:00\",\"description\":\"Esplora il mondo attraverso gli occhi di Andrea Tomicich, fotografo professionale specializzato in fotografia artistica e infrarossa. Scopri le sue straordinarie immagini che catturano la bellezza della natura, l'eleganza delle modelle e l'essenza dell'arte. Entra nel suo universo visivo e lasciati trasportare in un viaggio emozionante tra luce, colore e forma.\",\"breadcrumb\":{\"@id\":\"https:\\\/\\\/andreatomicich.com\\\/index.php\\\/news\\\/#breadcrumb\"},\"inLanguage\":\"en-US\",\"potentialAction\":[{\"@type\":\"ReadAction\",\"target\":[\"https:\\\/\\\/andreatomicich.com\\\/index.php\\\/news\\\/\"]}]},{\"@type\":\"BreadcrumbList\",\"@id\":\"https:\\\/\\\/andreatomicich.com\\\/index.php\\\/news\\\/#breadcrumb\",\"itemListElement\":[{\"@type\":\"ListItem\",\"position\":1,\"name\":\"Home\",\"item\":\"https:\\\/\\\/andreatomicich.com\\\/\"},{\"@type\":\"ListItem\",\"position\":2,\"name\":\"News\"}]},{\"@type\":\"WebSite\",\"@id\":\"https:\\\/\\\/andreatomicich.com\\\/#website\",\"url\":\"https:\\\/\\\/andreatomicich.com\\\/\",\"name\":\"Andrea Tomicich photography\",\"description\":\"Dalla realt\u00e0 all&#039;arte: il potere della fotografia infrarossa\",\"publisher\":{\"@id\":\"https:\\\/\\\/andreatomicich.com\\\/#\\\/schema\\\/person\\\/498b7e9a035e820bb132541f8079f81b\"},\"alternateName\":\"Scatti che trasformano il normale in straordinario: fotografia artistica e infrarossa\",\"potentialAction\":[{\"@type\":\"SearchAction\",\"target\":{\"@type\":\"EntryPoint\",\"urlTemplate\":\"https:\\\/\\\/andreatomicich.com\\\/?s={search_term_string}\"},\"query-input\":{\"@type\":\"PropertyValueSpecification\",\"valueRequired\":true,\"valueName\":\"search_term_string\"}}],\"inLanguage\":\"en-US\"},{\"@type\":[\"Person\",\"Organization\"],\"@id\":\"https:\\\/\\\/andreatomicich.com\\\/#\\\/schema\\\/person\\\/498b7e9a035e820bb132541f8079f81b\",\"name\":\"AdMiN9998\",\"image\":{\"@type\":\"ImageObject\",\"inLanguage\":\"en-US\",\"@id\":\"https:\\\/\\\/andreatomicich.com\\\/wp-content\\\/uploads\\\/2022\\\/09\\\/AT_full_500px_Black.png\",\"url\":\"https:\\\/\\\/andreatomicich.com\\\/wp-content\\\/uploads\\\/2022\\\/09\\\/AT_full_500px_Black.png\",\"contentUrl\":\"https:\\\/\\\/andreatomicich.com\\\/wp-content\\\/uploads\\\/2022\\\/09\\\/AT_full_500px_Black.png\",\"width\":500,\"height\":127,\"caption\":\"AdMiN9998\"},\"logo\":{\"@id\":\"https:\\\/\\\/andreatomicich.com\\\/wp-content\\\/uploads\\\/2022\\\/09\\\/AT_full_500px_Black.png\"},\"sameAs\":[\"https:\\\/\\\/andreatomicich.com\"]}]}<\/script>\n<!-- \/ Yoast SEO plugin. -->","yoast_head_json":{"title":"News - Andrea Tomicich photography mailing list","description":"Esplora il mondo attraverso gli occhi di Andrea Tomicich, fotografo professionale specializzato in fotografia artistica e infrarossa. Scopri le sue straordinarie immagini che catturano la bellezza della natura, l'eleganza delle modelle e l'essenza dell'arte. Entra nel suo universo visivo e lasciati trasportare in un viaggio emozionante tra luce, colore e forma.","robots":{"index":"index","follow":"follow","max-snippet":"max-snippet:-1","max-image-preview":"max-image-preview:large","max-video-preview":"max-video-preview:-1"},"canonical":"https:\/\/andreatomicich.com\/index.php\/news\/","og_locale":"en_US","og_type":"article","og_title":"News - Andrea Tomicich photography mailing list","og_description":"Esplora il mondo attraverso gli occhi di Andrea Tomicich, fotografo professionale specializzato in fotografia artistica e infrarossa. Scopri le sue straordinarie immagini che catturano la bellezza della natura, l'eleganza delle modelle e l'essenza dell'arte. Entra nel suo universo visivo e lasciati trasportare in un viaggio emozionante tra luce, colore e forma.","og_url":"https:\/\/andreatomicich.com\/index.php\/news\/","og_site_name":"Andrea Tomicich photography","article_modified_time":"2024-05-07T13:03:29+00:00","og_image":[{"width":1000,"height":667,"url":"https:\/\/andreatomicich.com\/wp-content\/uploads\/2022\/10\/Andrea_Tomicich_02.jpg","type":"image\/jpeg"}],"twitter_card":"summary_large_image","twitter_misc":{"Est. reading time":"1 minute"},"schema":{"@context":"https:\/\/schema.org","@graph":[{"@type":"WebPage","@id":"https:\/\/andreatomicich.com\/index.php\/news\/","url":"https:\/\/andreatomicich.com\/index.php\/news\/","name":"News - Andrea Tomicich photography mailing list","isPartOf":{"@id":"https:\/\/andreatomicich.com\/#website"},"datePublished":"2023-04-13T11:04:34+00:00","dateModified":"2024-05-07T13:03:29+00:00","description":"Esplora il mondo attraverso gli occhi di Andrea Tomicich, fotografo professionale specializzato in fotografia artistica e infrarossa. Scopri le sue straordinarie immagini che catturano la bellezza della natura, l'eleganza delle modelle e l'essenza dell'arte. Entra nel suo universo visivo e lasciati trasportare in un viaggio emozionante tra luce, colore e forma.","breadcrumb":{"@id":"https:\/\/andreatomicich.com\/index.php\/news\/#breadcrumb"},"inLanguage":"en-US","potentialAction":[{"@type":"ReadAction","target":["https:\/\/andreatomicich.com\/index.php\/news\/"]}]},{"@type":"BreadcrumbList","@id":"https:\/\/andreatomicich.com\/index.php\/news\/#breadcrumb","itemListElement":[{"@type":"ListItem","position":1,"name":"Home","item":"https:\/\/andreatomicich.com\/"},{"@type":"ListItem","position":2,"name":"News"}]},{"@type":"WebSite","@id":"https:\/\/andreatomicich.com\/#website","url":"https:\/\/andreatomicich.com\/","name":"Andrea Tomicich photography","description":"Dalla realt\u00e0 all&#039;arte: il potere della fotografia infrarossa","publisher":{"@id":"https:\/\/andreatomicich.com\/#\/schema\/person\/498b7e9a035e820bb132541f8079f81b"},"alternateName":"Scatti che trasformano il normale in straordinario: fotografia artistica e infrarossa","potentialAction":[{"@type":"SearchAction","target":{"@type":"EntryPoint","urlTemplate":"https:\/\/andreatomicich.com\/?s={search_term_string}"},"query-input":{"@type":"PropertyValueSpecification","valueRequired":true,"valueName":"search_term_string"}}],"inLanguage":"en-US"},{"@type":["Person","Organization"],"@id":"https:\/\/andreatomicich.com\/#\/schema\/person\/498b7e9a035e820bb132541f8079f81b","name":"AdMiN9998","image":{"@type":"ImageObject","inLanguage":"en-US","@id":"https:\/\/andreatomicich.com\/wp-content\/uploads\/2022\/09\/AT_full_500px_Black.png","url":"https:\/\/andreatomicich.com\/wp-content\/uploads\/2022\/09\/AT_full_500px_Black.png","contentUrl":"https:\/\/andreatomicich.com\/wp-content\/uploads\/2022\/09\/AT_full_500px_Black.png","width":500,"height":127,"caption":"AdMiN9998"},"logo":{"@id":"https:\/\/andreatomicich.com\/wp-content\/uploads\/2022\/09\/AT_full_500px_Black.png"},"sameAs":["https:\/\/andreatomicich.com"]}]}},"builder_content":"","_links":{"self":[{"href":"https:\/\/andreatomicich.com\/index.php\/wp-json\/wp\/v2\/pages\/990","targetHints":{"allow":["GET"]}}],"collection":[{"href":"https:\/\/andreatomicich.com\/index.php\/wp-json\/wp\/v2\/pages"}],"about":[{"href":"https:\/\/andreatomicich.com\/index.php\/wp-json\/wp\/v2\/types\/page"}],"author":[{"embeddable":true,"href":"https:\/\/andreatomicich.com\/index.php\/wp-json\/wp\/v2\/users\/1"}],"replies":[{"embeddable":true,"href":"https:\/\/andreatomicich.com\/index.php\/wp-json\/wp\/v2\/comments?post=990"}],"version-history":[{"count":15,"href":"https:\/\/andreatomicich.com\/index.php\/wp-json\/wp\/v2\/pages\/990\/revisions"}],"predecessor-version":[{"id":1798,"href":"https:\/\/andreatomicich.com\/index.php\/wp-json\/wp\/v2\/pages\/990\/revisions\/1798"}],"wp:attachment":[{"href":"https:\/\/andreatomicich.com\/index.php\/wp-json\/wp\/v2\/media?parent=990"}],"curies":[{"name":"wp","href":"https:\/\/api.w.org\/{rel}","templated":true}]}}